{"id":4825,"date":"2023-01-25T22:36:59","date_gmt":"2023-01-25T22:36:59","guid":{"rendered":"https:\/\/museoscienze.vda.it\/info-e-prenotazioni\/"},"modified":"2026-02-26T10:51:25","modified_gmt":"2026-02-26T10:51:25","slug":"visiter","status":"publish","type":"page","link":"https:\/\/museoscienze.vda.it\/fr\/visiter\/","title":{"rendered":"Visiter"},"content":{"rendered":"\n<h2 class=\"wp-block-heading has-text-align-center\" style=\"padding-top:var(--wp--preset--spacing--40);padding-right:var(--wp--preset--spacing--30);padding-bottom:var(--wp--preset--spacing--30);padding-left:var(--wp--preset--spacing--30)\">Informations et tarifs <\/h2>\n\n\n\n<div class=\"wp-block-columns is-layout-flex wp-container-core-columns-is-layout-1 wp-block-columns-is-layout-flex\">\n<div class=\"wp-block-column is-layout-flow wp-block-column-is-layout-flow\">\n<h2 class=\"wp-block-heading has-text-align-center\">R\u00e9servation de l&rsquo;entr\u00e9e<\/h2>\n\n\n<div style=\"\" id=\"single-featured-element-block_4e41332e01cf7979d65aea94cf3d0e88\"  class=\"ett-block single-featured-element\"><div class=\"content\"><div class=\"block-title display-4 \">ACHAT<\/div><div class=\"body mt-1 mt-lg-2\"><h4 style=\"text-align: left;\"><a href=\"https:\/\/ticket.midaticket.it\/museoscienzevda\/Event\/14\/Dates\" target=\"_blank\" rel=\"noopener\">En ligne<\/a><\/h4>\n<h4 style=\"text-align: left;\">Par t\u00e9l\u00e9phone<\/h4>\n<ul>\n<li>exclusivement pour les groupes de 15 personnes ou plus au 0165 95931, du mardi au dimanche de 09h45 \u00e0 17h45.<br \/>\n<h4 style=\"text-align: left;\">N.B.<\/h4>\n<ul>\n<li style=\"text-align: left;\">L&rsquo;achat en ligne est recommand\u00e9<\/li>\n<li style=\"text-align: left;\">les acc\u00e8s sont limit\u00e9s \u00e0 25 par demi-heure \u00e0 partir de 10h<\/li>\n<li style=\"text-align: left;\">derni\u00e8re entr\u00e9e pr\u00e9vue 60 minutes avant la fermeture<\/li>\n<li style=\"text-align: left;\">vous devez respecter l\u2019horaire de la r\u00e9servation<\/li>\n<\/ul>\n<\/li>\n<\/ul>\n<\/div><\/div><\/div><\/div>\n\n\n\n<div class=\"wp-block-column is-layout-flow wp-block-column-is-layout-flow\">\n<h2 class=\"wp-block-heading has-text-align-center\">Co\u00fbt d&rsquo;admission<\/h2>\n\n\n<div style=\"\" id=\"single-featured-element-block_f2b39669a203e907dfd5db923710ad76\"  class=\"ett-block single-featured-element\"><div class=\"content\"><div class=\"block-title display-4 \">VISITE LIBRE<\/div><div class=\"body mt-1 mt-lg-2\"><h4 style=\"text-align: left;\">Billet plein tarif 10 \u20ac<\/h4>\n<p style=\"text-align: left;\">Adultes<\/p>\n<h4 style=\"text-align: left;\">Billet \u00e0 tarif r\u00e9duit 8 \u20ac<\/h4>\n<ul style=\"text-align: left;\">\n<li>Groupe de 15 \u00e0 25 personnes au maximum<\/li>\n<li>Groupe accompagn\u00e9 par un guide touristique\/guide de la nature\/guide de haute montagne habilit\u00e9, jusqu\u2019\u00e0 25 personnes au maximum<\/li>\n<li>Fermeture partielle, \u00e0 cause de travaux ou pour d\u2019autres raisons, de plusieurs salles<\/li>\n<li>Conventions en vigueur pr\u00e9voyant des r\u00e9ductions pour les adh\u00e9rents, sur pr\u00e9sentation des documents attestant le type de r\u00e9duction<\/li>\n<li>Titulaire de la carte FAI<\/li>\n<\/ul>\n<h4 style=\"text-align: left;\">Billet \u00e0 tarif r\u00e9duit 3 \u20ac<\/h4>\n<ul style=\"text-align: left;\">\n<li>Jeunes de 19 \u00e0 25 ans<\/li>\n<\/ul>\n<h4 style=\"text-align: left;\">Entr\u00e9e gratuite<\/h4>\n<ul>\n<li style=\"text-align: left;\">Enfants\/Jeunes de 0 \u00e018 ans<\/li>\n<li style=\"text-align: left;\">Personnes en situation d&rsquo;handicap munies d\u2019un certificat et avec un accompagnateur<\/li>\n<li style=\"text-align: left;\">Enseignants et \u00e9ducateurs accompagnant les groupes scolaires<\/li>\n<li style=\"text-align: left;\">Guides touristiques\/guides de la nature\/guides de haute montagne habilit\u00e9s et accompagnant un groupe<\/li>\n<li style=\"text-align: left;\">Journalistes munis de leur carte professionnelle<\/li>\n<li style=\"text-align: left;\">Titulaires de la carte ICOM<\/li>\n<li style=\"text-align: left;\">Titulaires de la carte ANMS<\/li>\n<li style=\"text-align: left;\">Titulaires des cartes Abbonamento Musei Piemonte Valle d\u2019Aosta, Abbonamento Musei Lombardia Valle d\u2019Aosta, Abbonamento Musei formula extra<\/li>\n<li style=\"text-align: left;\">Personnalit\u00e9s ou h\u00f4tes de la R\u00e9gion autonome Vall\u00e9e d\u2019Aoste, op\u00e9rateurs touristiques et culturels en visite, dans le cadre d\u2019activit\u00e9s de promotion, sur demande pr\u00e9sent\u00e9e \u00e0 la structure Biodiversit\u00e9, durabilit\u00e9 et espaces naturels prot\u00e9g\u00e9s<\/li>\n<li style=\"text-align: left;\">Personnel du D\u00e9partement de l\u2019environnement ou d\u2019une autre structure r\u00e9gionale, sur demande pr\u00e9sent\u00e9e \u00e0 la structure Biodiversit\u00e9, durabilit\u00e9 et espaces naturels prot\u00e9g\u00e9s<\/li>\n<\/ul>\n<\/div><\/div><\/div><\/div>\n<\/div>\n\n\n\n<div class=\"wp-block-group has-background has-global-padding is-layout-constrained wp-block-group-is-layout-constrained\" style=\"background-color:#6c891b\">\n<h2 class=\"wp-block-heading has-text-align-center has-white-1-color has-text-color has-background\" style=\"background-color:#6c891b;padding-top:var(--wp--preset--spacing--40);padding-right:var(--wp--preset--spacing--30);padding-bottom:var(--wp--preset--spacing--30);padding-left:var(--wp--preset--spacing--30)\">Visites accompagn\u00e9es<\/h2>\n\n\n\n<div class=\"wp-block-columns has-background is-layout-flex wp-container-core-columns-is-layout-2 wp-block-columns-is-layout-flex\" style=\"background-color:#6c891b\">\n<div class=\"wp-block-column is-layout-flow wp-block-column-is-layout-flow\"><div style=\"\" id=\"single-featured-element-block_693526e64496a715d6d2880e6a090a50\"  class=\"ett-block single-featured-element\"><div class=\"content\"><div class=\"body mt-1 mt-lg-2\"><p style=\"text-align: left;\">Le service de visites accompagn\u00e9es, <strong>en italien<\/strong> pour le grand public, est disponible pour un maximum de 20 personnes :<\/p>\n<p style=\"text-align: left;\"><strong>d&rsquo;octobre \u00e0 mai<\/strong><\/p>\n<ul>\n<li style=\"text-align: left;\">15h30 et 16h30 (du mardi au jeudi)<\/li>\n<li style=\"text-align: left;\">11h00 et 15h30 (samedi et dimanche)<\/li>\n<\/ul>\n<p style=\"text-align: left;\"><strong>juin et septembre<\/strong><\/p>\n<ul>\n<li style=\"text-align: left;\">11h00 et 15h00 (du mardi au dimanche)<\/li>\n<\/ul>\n<p style=\"text-align: left;\"><strong>juillet et ao\u00fbt<\/strong><\/p>\n<ul>\n<li style=\"text-align: left;\">11h00 et 18h30 (du mardi au dimanche)<\/li>\n<\/ul>\n<p>&nbsp;<\/p>\n<p style=\"text-align: left;\"><strong>Billet plein tarif 15 \u20ac<\/strong><\/p>\n<ul style=\"text-align: left;\">\n<li>Adultes<\/li>\n<\/ul>\n<p style=\"text-align: left;\"><strong>Billet \u00e0 tarif r\u00e9duit 10 \u20ac<\/strong><\/p>\n<ul style=\"text-align: left;\">\n<li>Jeunes de 6 \u00e0 25 ans<\/li>\n<li>Groupes payants de 15 personnes<\/li>\n<\/ul>\n<p style=\"text-align: left;\"><strong>Billet famille 30 \u20ac<\/strong><\/p>\n<ul style=\"text-align: left;\">\n<li>2 adultes + 1 ou 2 jeunes (6 ans \u00e0 18 ans)<\/li>\n<\/ul>\n<p style=\"text-align: left;\"><strong>Entr\u00e9e gratuite<\/strong><\/p>\n<ul>\n<li style=\"text-align: left;\">Enfants de 0 \u00e0 5 ans<\/li>\n<li style=\"text-align: left;\">Personnes en situation d&rsquo;handicap munies d\u2019un certificat et avec un accompagnateur<\/li>\n<\/ul>\n<\/div><\/div><\/div><\/div>\n\n\n\n<div class=\"wp-block-column is-layout-flow wp-block-column-is-layout-flow\"><div style=\"\" id=\"single-featured-element-block_8c34cffbe4599c7d8e99ecdefa91d423\"  class=\"ett-block single-featured-element\"><div class=\"content\"><div class=\"body mt-1 mt-lg-2\"><h4 style=\"text-align: left;\">Visites guid\u00e9\u00e8s pour les \u00e9coles (en italien)<\/h4>\n<p style=\"font-weight: 400; text-align: left;\">Le service de visites guid\u00e9es pour les groupes scolaires (\u00e9l\u00e8ves obligatoirement accompagn\u00e9s par des professeurs ou des \u00e9ducateurs, maximum 25 participants par cr\u00e9neau de visite) est disponible sur r\u00e9servation obligatoire \u00e0 l\u2019adresse e-mail <a href=\"mailto:museoscienze@regione.vda.it\">museoscienze@regione.vda.it<\/a>.<\/p>\n<p style=\"font-weight: 400; text-align: left;\">Le tarif de la visite guid\u00e9e est de<strong>\u20ac 4,50 par \u00e9l\u00e8ve<\/strong> (dur\u00e9e maximum 90 minutes); gratuit\u00e9 pour les enseignants accompagnateurs et les \u00e9l\u00e8ves en situation d&rsquo;handicap en possession d\u2019une attestation de reconnaissance.<\/p>\n<\/div><\/div><\/div><\/div>\n<\/div>\n<\/div>\n\n\n\n<div style=\"height:50px\" aria-hidden=\"true\" class=\"wp-block-spacer\"><\/div>\n\n\n\n<h2 class=\"wp-block-heading has-text-align-center\" style=\"padding-top:var(--wp--preset--spacing--40);padding-right:var(--wp--preset--spacing--30);padding-bottom:var(--wp--preset--spacing--30);padding-left:var(--wp--preset--spacing--30)\">Informations g\u00e9n\u00e9rales<\/h2>\n\n\n\n<div style=\"height:30px\" aria-hidden=\"true\" class=\"wp-block-spacer\"><\/div>\n\n\n\n<div class=\"wp-block-columns is-layout-flex wp-container-core-columns-is-layout-3 wp-block-columns-is-layout-flex\">\n<div class=\"wp-block-column is-layout-flow wp-block-column-is-layout-flow\" style=\"flex-basis:25%\">\n<div style=\"font-size: 3.5em;color: #333\"><i class=\"icon icon-access_time\"><\/i><\/div>\n\n\n\n<p><strong>Horaires:<\/strong><br><strong>hiver (du 1er octobre au 31 mars)<br><\/strong>du mardi au dimanche<br>de 10h \u00e0 18h<br>Derni\u00e8re entr\u00e9e pour la visite: 17h<br><br><strong>\u00e9t\u00e9 (du 1er avril au 30 septembre)<br><\/strong> du mardi au dimanche<br>de 10h \u00e0 19h<br>Derni\u00e8re entr\u00e9e pour la visite: 18h<br><br><strong>Ao\u00fbt (1er ao\u00fbt &#8211; 31 ao\u00fbt)<\/strong><br>du mardi au dimanche<br>de 10h00 \u00e0 13h00 (derni\u00e8re entr\u00e9e 12h00) de 17h30 \u00e0 23h00 (derni\u00e8re entr\u00e9e 22h00)<\/p>\n\n\n\n<p><br><strong>Fermeture<\/strong><br>Les lundis, sauf en cas de jour f\u00e9ri\u00e9<\/p>\n<\/div>\n\n\n\n<div class=\"wp-block-column is-layout-flow wp-block-column-is-layout-flow\" style=\"flex-basis:25%\">\n<div style=\"font-size: 3.5em;color: #333\"><i class=\"icon d-inline-block icon-follow_the_signs\"><\/i> <i class=\"icon d-inline-block icon-stairs\"><\/i><\/div>\n\n\n\n<p>Le parcours de visite se d\u00e9roule \u00e0 travers 16 salles situ\u00e9es au rez-de-chauss\u00e9e, au premier et au second \u00e9tages du ch\u00e2teau: il comporte donc des escaliers, ainsi que des passages dans des salles \u00e9troites et basses de plafond. Par cons\u00e9quent, il vous est recommand\u00e9 de faire tr\u00e8s attention durant le passage d\u2019une salle \u00e0 l\u2019autre. <\/p>\n<\/div>\n\n\n\n<div class=\"wp-block-column is-layout-flow wp-block-column-is-layout-flow\" style=\"flex-basis:25%\">\n<div style=\"font-size: 3.5em;color: #333\"><i class=\"icon icon-wheelchair\"><\/i><\/div>\n\n\n\n<p>Les personnes en situation d&rsquo;handicap ou \u00e0 mobilit\u00e9 r\u00e9duite peuvent acc\u00e9der aux salles 1, 3 et 4. Afin de leur permettre de d\u00e9couvrir la totalit\u00e9 du parcours de visite, la salle 3 a \u00e9t\u00e9 dot\u00e9e d\u2019un poste interactif pour visiter les salles qui ne leur sont pas encore accessibles. <\/p>\n<\/div>\n\n\n\n<div class=\"wp-block-column is-layout-flow wp-block-column-is-layout-flow\" style=\"flex-basis:25%\">\n<div style=\"font-size: 3.5em;color: #333\"><i class=\"icon icon-reduce_capacity\"><\/i><\/div>\n\n\n\n<p>Les salles, notamment celles du rez-de-chauss\u00e9e, sont de dimensions r\u00e9duites : afin de g\u00e9rer au mieux le flux des visiteurs la dur\u00e9e de la visite est donc limit\u00e9e et l\u2019acc\u00e8s au premier \u00e9tage est r\u00e9glement\u00e9. <\/p>\n<\/div>\n<\/div>\n\n\n\n<div style=\"height:20px\" aria-hidden=\"true\" class=\"wp-block-spacer\"><\/div>\n\n\n\n<div class=\"wp-block-group alignfull has-global-padding is-layout-constrained wp-block-group-is-layout-constrained\">\n<div class=\"wp-block-columns alignwide is-layout-flex wp-container-core-columns-is-layout-4 wp-block-columns-is-layout-flex\">\n<div class=\"wp-block-column is-layout-flow wp-block-column-is-layout-flow\" style=\"flex-basis:25%\">\n<div style=\"font-size: 3.5em; color: #333\"><i class=\"icon icon-security-camera\"><\/i><\/div>\n\n\n\n<p>Un syst\u00e8me de surveillance vid\u00e9o a \u00e9t\u00e9 install\u00e9<br>pour garantir votre s\u00e9curit\u00e9, celle des personnels<br>du Mus\u00e9e et celle des installations.<\/p>\n\n\n\n<p>Dans chaque salle, les personnels du Mus\u00e9e<br>sont \u00e0 votre disposition afin de faciliter votre visite.<\/p>\n<\/div>\n\n\n\n<div class=\"wp-block-column is-layout-flow wp-block-column-is-layout-flow\" style=\"flex-basis:25%\">\n<div style=\"font-size: 3.5em;color: #333\"><i class=\"icon icon-backpack\"><\/i><\/div>\n\n\n\n<p>La billetterie propose de gros paniers o\u00f9 vous pourrez laisser vos sacs \u00e0 dos durant votre visite<\/p>\n<\/div>\n\n\n\n<div class=\"wp-block-column is-layout-flow wp-block-column-is-layout-flow\" style=\"flex-basis:25%\">\n<div style=\"font-size: 3.5em;color: #333\"><i class=\"icon d-inline-block icon-no-pets\"><\/i> <i class=\"icon d-inline-block icon-no_food\"><\/i><\/div>\n\n\n\n<p>Les animaux de compagnie ne sont pas admis \u00e0 l\u2019int\u00e9rieur du Mus\u00e9e et il est \u00e9galement interdit d\u2019y consommer nourriture ou boisson.<\/p>\n<\/div>\n\n\n\n<div class=\"wp-block-column is-layout-flow wp-block-column-is-layout-flow\" style=\"flex-basis:25%\">\n<div style=\"font-size: 3.5em;color: #333\"><i class=\"icon icon-camera_alt\"><\/i><\/div>\n\n\n\n<p>En revanche, il est permis de faire des photos ou de courtes vid\u00e9os avec votre appareil photo, votre t\u00e9l\u00e9phone portable ou votre cam\u00e9ra.<\/p>\n<\/div>\n<\/div>\n<\/div>\n\n\n\n<div style=\"height:50px\" aria-hidden=\"true\" class=\"wp-block-spacer\"><\/div>\n\n\n\n<div class=\"wp-block-group has-background has-global-padding is-layout-constrained wp-block-group-is-layout-constrained\" style=\"background-color:#6c891b\">\n<h2 class=\"wp-block-heading has-text-align-center has-white-1-color has-text-color has-background\" style=\"background-color:#6c891b;padding-top:var(--wp--preset--spacing--40);padding-right:var(--wp--preset--spacing--30);padding-bottom:var(--wp--preset--spacing--30);padding-left:var(--wp--preset--spacing--30)\">Comment arriver au mus\u00e9e<\/h2>\n\n\n\n<div class=\"wp-block-columns is-style-ettblock-media-not-contained is-style-ettblock-columns-full has-background is-layout-flex wp-container-core-columns-is-layout-5 wp-block-columns-is-layout-flex\" style=\"background-color:#6c891b\">\n<div class=\"wp-block-column is-style-ettblock-col-6 is-layout-flow wp-block-column-is-layout-flow\">\n<h2 class=\"wp-block-heading has-text-align-center has-white-1-color has-text-color\">Centre d\u2019exposition<\/h2>\n\n\n<div style=\"\" id=\"single-featured-element-block_e0dfbe49e8ccc3fc0d2eee7e4345d473\"  class=\"ett-block single-featured-element\"><div class=\"content\"><div class=\"block-title display-4 \">Mus\u00e9e r\u00e9gional de sciences naturelles Efisio Noussan<\/div><div class=\"occhiello mb-15\">Billetterie<\/div><div class=\"body mt-1 mt-lg-2\"><p>Ch\u00e2teau de Saint-Pierre<br \/>\n5 Localit\u00e9 T\u00e2che<br \/>\n11010 Saint-Pierre (AO)<br \/>\n+39 0165 95931<\/p>\n<\/div><div class=\"link text-center\"><a target=\"_blank\" rel=\"noreferrer\" class=\"btn btn-link\" href=\"https:\/\/museoscienze.vda.it\/wp-content\/uploads\/2022\/11\/Carta-Saint-Pierre-2022-2.png\">PLAN DES PARKINGS<svg aria-label=\"freccia\"  title=\"freccia\" xmlns=\"http:\/\/www.w3.org\/2000\/svg\" width=\"16\" height=\"16\" fill=\"currentColor\" class=\"bi bi-arrow-right-short\" viewBox=\"0 0 16 16\">\r\n  <path fill-rule=\"evenodd\" d=\"M4 8a.5.5 0 0 1 .5-.5h5.793L8.146 5.354a.5.5 0 1 1 .708-.708l3 3a.5.5 0 0 1 0 .708l-3 3a.5.5 0 0 1-.708-.708L10.293 8.5H4.5A.5.5 0 0 1 4 8z\"\/>\r\n<\/svg><\/a><\/div><\/div><\/div>\n\n\n<iframe src=\"https:\/\/www.google.com\/maps\/embed?pb=!1m18!1m12!1m3!1d13253.006367020147!2d7.2259812683535145!3d45.70900284739731!2m3!1f0!2f0!3f0!3m2!1i1024!2i768!4f13.1!3m3!1m2!1s0x4789232b1b05b77b%3A0x5984277d5b7596c7!2sCastello%20di%20Saint%20Pierre!5e0!3m2!1sit!2sit!4v1671726406690!5m2!1sit!2sit\" width=\"100%\" height=\"450\" style=\"border:0;\" title=\"Ch\u00e2teau de Saint-Pierre 5 lieudit T\u00e2che 11010 Saint-Pierre (AO)\" allowfullscreen=\"\" loading=\"lazy\" referrerpolicy=\"no-referrer-when-downgrade\"><\/iframe>\n<\/div>\n\n\n\n<div class=\"wp-block-column is-style-ettblock-col-6 is-layout-flow wp-block-column-is-layout-flow\">\n<h2 class=\"wp-block-heading has-text-align-center has-white-1-color has-text-color\">Site op\u00e9rationnel<\/h2>\n\n\n<div style=\"\" id=\"single-featured-element-block_9691705fdb01fc3e4815350a0f40c7f0\"  class=\"ett-block single-featured-element\"><div class=\"content\"><div class=\"block-title display-4 \">Mus\u00e9e r\u00e9gional de sciences naturelles Efisio Noussan<\/div><div class=\"occhiello mb-15\">Bureaux<\/div><div class=\"body mt-1 mt-lg-2\"><p>3 lieudit Chez Borgne<br \/>\n11015 La Salle (AO)<br \/>\n<a href=\"mailto:museoscienze@regione.vda.it\" target=\"_blank\" rel=\"noopener\">museoscienze@regione.vda.it<\/a><br \/>\n+39 0165 862500<\/p>\n<\/div><\/div><\/div>\n\n\n<iframe src=\"https:\/\/www.google.com\/maps\/embed?pb=!1m18!1m12!1m3!1d15750.161424171765!2d7.054969250309128!3d45.745903497361766!2m3!1f0!2f0!3f0!3m2!1i1024!2i768!4f13.1!3m3!1m2!1s0x47893ea482894c1d%3A0xabef0bb3a8c6a027!2sSede%20operativa%20del%20Museo%20regionale%20di%20Scienze%20naturali%20E.%20Noussan!5e0!3m2!1sit!2sit!4v1671726462802!5m2!1sit!2sit\" title=\"Site op\u00e9rationnel Mus\u00e9e r\u00e9gional de Sciences naturelles E. Noussan Bureaux, laboratoires et biblioth\u00e8que 3 lieudit Chez Borgne 11015 La Salle (AO)\" width=\"100%\" height=\"450\" style=\"border:0;\" allowfullscreen=\"\" loading=\"lazy\" referrerpolicy=\"no-referrer-when-downgrade\"><\/iframe>\n<\/div>\n<\/div>\n<\/div>\n\n\n\n<div style=\"height:70px\" aria-hidden=\"true\" class=\"wp-block-spacer\"><\/div>\n\n\n\n<div style=\"height:50px\" aria-hidden=\"true\" class=\"wp-block-spacer\"><\/div>\n\n\n\n<h4 class=\"wp-block-heading has-text-align-center has-grigio-1-background-color has-background\">De plus amples informations et des lignes directrices g\u00e9n\u00e9rales sont disponibles sur la page <a href=\"https:\/\/museoscienze.vda.it\/fr\/explore\/\" data-type=\"page\" data-id=\"314\"><strong>EXPLORE<\/strong><\/a>.<\/h4>\n\n\n\n<div style=\"height:50px\" aria-hidden=\"true\" class=\"wp-block-spacer\"><\/div>\n\n\n\n<div class=\"wp-block-group alignfull is-style-ettblock-group has-grigio-2-background-color has-background has-global-padding is-layout-constrained wp-container-core-group-is-layout-4 wp-block-group-is-layout-constrained\" style=\"padding-top:var(--wp--preset--spacing--70);padding-right:var(--wp--preset--spacing--30);padding-bottom:var(--wp--preset--spacing--70);padding-left:var(--wp--preset--spacing--30)\">\n<h2 class=\"wp-block-heading alignwide has-text-align-center has-white-1-color has-text-color has-h-2-font-size\">Suivez-nous sur les r\u00e9seaux sociaux<\/h2>\n\n\n\n<div style=\"height:20px\" aria-hidden=\"true\" class=\"wp-block-spacer\"><\/div>\n\n\n\n<ul class=\"wp-block-social-links aligncenter has-normal-icon-size has-visible-labels has-icon-color has-icon-background-color is-style-pill-shape is-layout-flex wp-block-social-links-is-layout-flex\"><li style=\"color: #ffffff; background-color: #14806a; \" class=\"wp-social-link wp-social-link-facebook has-primary-2-background-color wp-block-social-link\"><a rel=\"noopener nofollow\" target=\"_blank\" href=\"https:\/\/www.facebook.com\/profile.php?id=100088134840756\" class=\"wp-block-social-link-anchor\"><svg width=\"24\" height=\"24\" viewBox=\"0 0 24 24\" version=\"1.1\" xmlns=\"http:\/\/www.w3.org\/2000\/svg\" aria-hidden=\"true\" focusable=\"false\"><path d=\"M12 2C6.5 2 2 6.5 2 12c0 5 3.7 9.1 8.4 9.9v-7H7.9V12h2.5V9.8c0-2.5 1.5-3.9 3.8-3.9 1.1 0 2.2.2 2.2.2v2.5h-1.3c-1.2 0-1.6.8-1.6 1.6V12h2.8l-.4 2.9h-2.3v7C18.3 21.1 22 17 22 12c0-5.5-4.5-10-10-10z\"><\/path><\/svg><span class=\"wp-block-social-link-label\">Facebook<\/span><\/a><\/li>\n\n<li style=\"color: #ffffff; background-color: #14806a; \" class=\"wp-social-link wp-social-link-instagram has-primary-2-background-color wp-block-social-link\"><a rel=\"noopener nofollow\" target=\"_blank\" href=\"https:\/\/www.instagram.com\/museoscienzevda\/\" class=\"wp-block-social-link-anchor\"><svg width=\"24\" height=\"24\" viewBox=\"0 0 24 24\" version=\"1.1\" xmlns=\"http:\/\/www.w3.org\/2000\/svg\" aria-hidden=\"true\" focusable=\"false\"><path d=\"M12,4.622c2.403,0,2.688,0.009,3.637,0.052c0.877,0.04,1.354,0.187,1.671,0.31c0.42,0.163,0.72,0.358,1.035,0.673 c0.315,0.315,0.51,0.615,0.673,1.035c0.123,0.317,0.27,0.794,0.31,1.671c0.043,0.949,0.052,1.234,0.052,3.637 s-0.009,2.688-0.052,3.637c-0.04,0.877-0.187,1.354-0.31,1.671c-0.163,0.42-0.358,0.72-0.673,1.035 c-0.315,0.315-0.615,0.51-1.035,0.673c-0.317,0.123-0.794,0.27-1.671,0.31c-0.949,0.043-1.233,0.052-3.637,0.052 s-2.688-0.009-3.637-0.052c-0.877-0.04-1.354-0.187-1.671-0.31c-0.42-0.163-0.72-0.358-1.035-0.673 c-0.315-0.315-0.51-0.615-0.673-1.035c-0.123-0.317-0.27-0.794-0.31-1.671C4.631,14.688,4.622,14.403,4.622,12 s0.009-2.688,0.052-3.637c0.04-0.877,0.187-1.354,0.31-1.671c0.163-0.42,0.358-0.72,0.673-1.035 c0.315-0.315,0.615-0.51,1.035-0.673c0.317-0.123,0.794-0.27,1.671-0.31C9.312,4.631,9.597,4.622,12,4.622 M12,3 C9.556,3,9.249,3.01,8.289,3.054C7.331,3.098,6.677,3.25,6.105,3.472C5.513,3.702,5.011,4.01,4.511,4.511 c-0.5,0.5-0.808,1.002-1.038,1.594C3.25,6.677,3.098,7.331,3.054,8.289C3.01,9.249,3,9.556,3,12c0,2.444,0.01,2.751,0.054,3.711 c0.044,0.958,0.196,1.612,0.418,2.185c0.23,0.592,0.538,1.094,1.038,1.594c0.5,0.5,1.002,0.808,1.594,1.038 c0.572,0.222,1.227,0.375,2.185,0.418C9.249,20.99,9.556,21,12,21s2.751-0.01,3.711-0.054c0.958-0.044,1.612-0.196,2.185-0.418 c0.592-0.23,1.094-0.538,1.594-1.038c0.5-0.5,0.808-1.002,1.038-1.594c0.222-0.572,0.375-1.227,0.418-2.185 C20.99,14.751,21,14.444,21,12s-0.01-2.751-0.054-3.711c-0.044-0.958-0.196-1.612-0.418-2.185c-0.23-0.592-0.538-1.094-1.038-1.594 c-0.5-0.5-1.002-0.808-1.594-1.038c-0.572-0.222-1.227-0.375-2.185-0.418C14.751,3.01,14.444,3,12,3L12,3z M12,7.378 c-2.552,0-4.622,2.069-4.622,4.622S9.448,16.622,12,16.622s4.622-2.069,4.622-4.622S14.552,7.378,12,7.378z M12,15 c-1.657,0-3-1.343-3-3s1.343-3,3-3s3,1.343,3,3S13.657,15,12,15z M16.804,6.116c-0.596,0-1.08,0.484-1.08,1.08 s0.484,1.08,1.08,1.08c0.596,0,1.08-0.484,1.08-1.08S17.401,6.116,16.804,6.116z\"><\/path><\/svg><span class=\"wp-block-social-link-label\">Instagram<\/span><\/a><\/li>\n\n<\/ul>\n<\/div>\n\n\n\n<div style=\"height:50px\" aria-hidden=\"true\" class=\"wp-block-spacer\"><\/div>\n","protected":false},"excerpt":{"rendered":"<p>Informations et tarifs R\u00e9servation de l&rsquo;entr\u00e9e Co\u00fbt d&rsquo;admission Visites accompagn\u00e9es Informations g\u00e9n\u00e9rales Horaires:hiver (du 1er octobre au 31 mars)du mardi au dimanchede 10h \u00e0 18hDerni\u00e8re entr\u00e9e pour la visite: 17h \u00e9t\u00e9 (du 1er avril au 30 septembre) du mardi au dimanchede 10h \u00e0 19hDerni\u00e8re entr\u00e9e pour la visite: 18h Ao\u00fbt (1er ao\u00fbt &#8211; 31 ao\u00fbt)du &hellip; <a href=\"https:\/\/museoscienze.vda.it\/fr\/visiter\/\">Leggi di pi\u00f9<\/a><\/p>\n","protected":false},"author":3,"featured_media":0,"parent":0,"menu_order":0,"comment_status":"closed","ping_status":"closed","template":"","meta":{"_acf_changed":false,"footnotes":""},"class_list":["post-4825","page","type-page","status-publish","hentry"],"acf":[],"yoast_head":"<!-- This site is optimized with the Yoast SEO plugin v26.8 - https:\/\/yoast.com\/product\/yoast-seo-wordpress\/ -->\n<title>Visiter - Museo Regionale di Scienze Naturali Efisio Noussan<\/title>\n<meta name=\"robots\" content=\"index, follow, max-snippet:-1, max-image-preview:large, max-video-preview:-1\" \/>\n<link rel=\"canonical\" href=\"https:\/\/museoscienze.vda.it\/fr\/visiter\/\" \/>\n<meta property=\"og:locale\" content=\"fr_FR\" \/>\n<meta property=\"og:type\" content=\"article\" \/>\n<meta property=\"og:title\" content=\"Visiter - Museo Regionale di Scienze Naturali Efisio Noussan\" \/>\n<meta property=\"og:description\" content=\"Informations et tarifs R\u00e9servation de l&rsquo;entr\u00e9e Co\u00fbt d&rsquo;admission Visites accompagn\u00e9es Informations g\u00e9n\u00e9rales Horaires:hiver (du 1er octobre au 31 mars)du mardi au dimanchede 10h \u00e0 18hDerni\u00e8re entr\u00e9e pour la visite: 17h \u00e9t\u00e9 (du 1er avril au 30 septembre) du mardi au dimanchede 10h \u00e0 19hDerni\u00e8re entr\u00e9e pour la visite: 18h Ao\u00fbt (1er ao\u00fbt &#8211; 31 ao\u00fbt)du &hellip; Leggi di pi\u00f9\" \/>\n<meta property=\"og:url\" content=\"https:\/\/museoscienze.vda.it\/fr\/visiter\/\" \/>\n<meta property=\"og:site_name\" content=\"Museo Regionale di Scienze Naturali Efisio Noussan\" \/>\n<meta property=\"article:modified_time\" content=\"2026-02-26T10:51:25+00:00\" \/>\n<meta name=\"twitter:card\" content=\"summary_large_image\" \/>\n<meta name=\"twitter:label1\" content=\"Dur\u00e9e de lecture estim\u00e9e\" \/>\n\t<meta name=\"twitter:data1\" content=\"2 minutes\" \/>\n<script type=\"application\/ld+json\" class=\"yoast-schema-graph\">{\"@context\":\"https:\/\/schema.org\",\"@graph\":[{\"@type\":\"WebPage\",\"@id\":\"https:\/\/museoscienze.vda.it\/fr\/visiter\/\",\"url\":\"https:\/\/museoscienze.vda.it\/fr\/visiter\/\",\"name\":\"Visiter - Museo Regionale di Scienze Naturali Efisio Noussan\",\"isPartOf\":{\"@id\":\"https:\/\/museoscienze.vda.it\/#website\"},\"datePublished\":\"2023-01-25T22:36:59+00:00\",\"dateModified\":\"2026-02-26T10:51:25+00:00\",\"breadcrumb\":{\"@id\":\"https:\/\/museoscienze.vda.it\/fr\/visiter\/#breadcrumb\"},\"inLanguage\":\"fr-FR\",\"potentialAction\":[{\"@type\":\"ReadAction\",\"target\":[\"https:\/\/museoscienze.vda.it\/fr\/visiter\/\"]}]},{\"@type\":\"BreadcrumbList\",\"@id\":\"https:\/\/museoscienze.vda.it\/fr\/visiter\/#breadcrumb\",\"itemListElement\":[{\"@type\":\"ListItem\",\"position\":1,\"name\":\"Home\",\"item\":\"https:\/\/museoscienze.vda.it\/fr\/\"},{\"@type\":\"ListItem\",\"position\":2,\"name\":\"Visiter\"}]},{\"@type\":\"WebSite\",\"@id\":\"https:\/\/museoscienze.vda.it\/#website\",\"url\":\"https:\/\/museoscienze.vda.it\/\",\"name\":\"Museo Regionale di Scienze Naturali Efisio Noussan\",\"description\":\"\",\"publisher\":{\"@id\":\"https:\/\/museoscienze.vda.it\/#organization\"},\"potentialAction\":[{\"@type\":\"SearchAction\",\"target\":{\"@type\":\"EntryPoint\",\"urlTemplate\":\"https:\/\/museoscienze.vda.it\/?s={search_term_string}\"},\"query-input\":{\"@type\":\"PropertyValueSpecification\",\"valueRequired\":true,\"valueName\":\"search_term_string\"}}],\"inLanguage\":\"fr-FR\"},{\"@type\":\"Organization\",\"@id\":\"https:\/\/museoscienze.vda.it\/#organization\",\"name\":\"Museo Regionale di Scienze Naturali Efisio Noussan\",\"url\":\"https:\/\/museoscienze.vda.it\/\",\"logo\":{\"@type\":\"ImageObject\",\"inLanguage\":\"fr-FR\",\"@id\":\"https:\/\/museoscienze.vda.it\/#\/schema\/logo\/image\/\",\"url\":\"https:\/\/museoscienze.vda.it\/wp-content\/uploads\/2023\/09\/logo_MuseoScienzeVDA_completo_rva.png\",\"contentUrl\":\"https:\/\/museoscienze.vda.it\/wp-content\/uploads\/2023\/09\/logo_MuseoScienzeVDA_completo_rva.png\",\"width\":1692,\"height\":646,\"caption\":\"Museo Regionale di Scienze Naturali Efisio Noussan\"},\"image\":{\"@id\":\"https:\/\/museoscienze.vda.it\/#\/schema\/logo\/image\/\"}}]}<\/script>\n<!-- \/ Yoast SEO plugin. -->","yoast_head_json":{"title":"Visiter - Museo Regionale di Scienze Naturali Efisio Noussan","robots":{"index":"index","follow":"follow","max-snippet":"max-snippet:-1","max-image-preview":"max-image-preview:large","max-video-preview":"max-video-preview:-1"},"canonical":"https:\/\/museoscienze.vda.it\/fr\/visiter\/","og_locale":"fr_FR","og_type":"article","og_title":"Visiter - Museo Regionale di Scienze Naturali Efisio Noussan","og_description":"Informations et tarifs R\u00e9servation de l&rsquo;entr\u00e9e Co\u00fbt d&rsquo;admission Visites accompagn\u00e9es Informations g\u00e9n\u00e9rales Horaires:hiver (du 1er octobre au 31 mars)du mardi au dimanchede 10h \u00e0 18hDerni\u00e8re entr\u00e9e pour la visite: 17h \u00e9t\u00e9 (du 1er avril au 30 septembre) du mardi au dimanchede 10h \u00e0 19hDerni\u00e8re entr\u00e9e pour la visite: 18h Ao\u00fbt (1er ao\u00fbt &#8211; 31 ao\u00fbt)du &hellip; Leggi di pi\u00f9","og_url":"https:\/\/museoscienze.vda.it\/fr\/visiter\/","og_site_name":"Museo Regionale di Scienze Naturali Efisio Noussan","article_modified_time":"2026-02-26T10:51:25+00:00","twitter_card":"summary_large_image","twitter_misc":{"Dur\u00e9e de lecture estim\u00e9e":"2 minutes"},"schema":{"@context":"https:\/\/schema.org","@graph":[{"@type":"WebPage","@id":"https:\/\/museoscienze.vda.it\/fr\/visiter\/","url":"https:\/\/museoscienze.vda.it\/fr\/visiter\/","name":"Visiter - Museo Regionale di Scienze Naturali Efisio Noussan","isPartOf":{"@id":"https:\/\/museoscienze.vda.it\/#website"},"datePublished":"2023-01-25T22:36:59+00:00","dateModified":"2026-02-26T10:51:25+00:00","breadcrumb":{"@id":"https:\/\/museoscienze.vda.it\/fr\/visiter\/#breadcrumb"},"inLanguage":"fr-FR","potentialAction":[{"@type":"ReadAction","target":["https:\/\/museoscienze.vda.it\/fr\/visiter\/"]}]},{"@type":"BreadcrumbList","@id":"https:\/\/museoscienze.vda.it\/fr\/visiter\/#breadcrumb","itemListElement":[{"@type":"ListItem","position":1,"name":"Home","item":"https:\/\/museoscienze.vda.it\/fr\/"},{"@type":"ListItem","position":2,"name":"Visiter"}]},{"@type":"WebSite","@id":"https:\/\/museoscienze.vda.it\/#website","url":"https:\/\/museoscienze.vda.it\/","name":"Museo Regionale di Scienze Naturali Efisio Noussan","description":"","publisher":{"@id":"https:\/\/museoscienze.vda.it\/#organization"},"potentialAction":[{"@type":"SearchAction","target":{"@type":"EntryPoint","urlTemplate":"https:\/\/museoscienze.vda.it\/?s={search_term_string}"},"query-input":{"@type":"PropertyValueSpecification","valueRequired":true,"valueName":"search_term_string"}}],"inLanguage":"fr-FR"},{"@type":"Organization","@id":"https:\/\/museoscienze.vda.it\/#organization","name":"Museo Regionale di Scienze Naturali Efisio Noussan","url":"https:\/\/museoscienze.vda.it\/","logo":{"@type":"ImageObject","inLanguage":"fr-FR","@id":"https:\/\/museoscienze.vda.it\/#\/schema\/logo\/image\/","url":"https:\/\/museoscienze.vda.it\/wp-content\/uploads\/2023\/09\/logo_MuseoScienzeVDA_completo_rva.png","contentUrl":"https:\/\/museoscienze.vda.it\/wp-content\/uploads\/2023\/09\/logo_MuseoScienzeVDA_completo_rva.png","width":1692,"height":646,"caption":"Museo Regionale di Scienze Naturali Efisio Noussan"},"image":{"@id":"https:\/\/museoscienze.vda.it\/#\/schema\/logo\/image\/"}}]}},"_links":{"self":[{"href":"https:\/\/museoscienze.vda.it\/fr\/wp-json\/wp\/v2\/pages\/4825","targetHints":{"allow":["GET"]}}],"collection":[{"href":"https:\/\/museoscienze.vda.it\/fr\/wp-json\/wp\/v2\/pages"}],"about":[{"href":"https:\/\/museoscienze.vda.it\/fr\/wp-json\/wp\/v2\/types\/page"}],"author":[{"embeddable":true,"href":"https:\/\/museoscienze.vda.it\/fr\/wp-json\/wp\/v2\/users\/3"}],"replies":[{"embeddable":true,"href":"https:\/\/museoscienze.vda.it\/fr\/wp-json\/wp\/v2\/comments?post=4825"}],"version-history":[{"count":3,"href":"https:\/\/museoscienze.vda.it\/fr\/wp-json\/wp\/v2\/pages\/4825\/revisions"}],"predecessor-version":[{"id":84303,"href":"https:\/\/museoscienze.vda.it\/fr\/wp-json\/wp\/v2\/pages\/4825\/revisions\/84303"}],"wp:attachment":[{"href":"https:\/\/museoscienze.vda.it\/fr\/wp-json\/wp\/v2\/media?parent=4825"}],"curies":[{"name":"wp","href":"https:\/\/api.w.org\/{rel}","templated":true}]}}