{"id":3796,"date":"2022-10-06T15:53:14","date_gmt":"2022-10-06T13:53:14","guid":{"rendered":"https:\/\/museoscienze.vda.it\/visiter\/"},"modified":"2024-02-15T14:43:45","modified_gmt":"2024-02-15T13:43:45","slug":"explore","status":"publish","type":"page","link":"https:\/\/museoscienze.vda.it\/fr\/explore\/","title":{"rendered":"Le ch\u00e2teau"},"content":{"rendered":"\n<div style=\"height:50px\" aria-hidden=\"true\" class=\"wp-block-spacer\"><\/div>\n\n\n\n<div class=\"wp-block-columns is-style-ettblock-media-not-contained is-style-ettblock-columns-full is-layout-flex wp-container-core-columns-is-layout-1 wp-block-columns-is-layout-flex\">\n<div class=\"wp-block-column is-style-ettblock-col-6 is-layout-flow wp-block-column-is-layout-flow\" style=\"flex-basis:50%\"><div style=\"\" id=\"single-featured-element-block_f335b3072210d5a71e19c9b0ed01d069\"  class=\"ett-block single-featured-element is-style-default\"><div class=\"content\"><div class=\"block-title display-4 \">LES SALLES D\u2019EXPOSITION DU CH\u00c2TEAU<\/div><div class=\"occhiello mb-15\"> Mus\u00e9e r\u00e9gional de sciences naturelles Efisio Noussan<\/div><div class=\"body mt-1 mt-lg-2\"><p style=\"text-align: left;\">Perch\u00e9 sur un \u00e9peron rocheux, le ch\u00e2teau de Saint-Pierre offre l\u2019un des panoramas les plus pittoresques de la Vall\u00e9e d\u2019Aoste. Il est repr\u00e9sent\u00e9 sur de nombreuses estampes anciennes, ainsi que sur des \u0153uvres d\u2019artistes c\u00e9l\u00e8bres, comme William Turner et John Ruskin. Il est mentionn\u00e9 officiellement pour la premi\u00e8re fois dans la Charte des Franchises accord\u00e9e au comte Thomas Ier de Savoie en 1191. Durant les si\u00e8cles suivants, il est habit\u00e9 par diff\u00e9rentes familles de la noblesse vald\u00f4taine, des Sancto Petro jusqu\u2019aux Roncas, en passant par les Vuillet, dont chacune le transforme selon ses go\u00fbts.  <\/p>\n<p style=\"text-align: left;\">En 1873, Federico Bollati, surintendant des Archives d\u2019\u00c9tat de Turin, acquiert le ch\u00e2teau et, apr\u00e8s avoir obtenu le titre de baron de Saint-Pierre, entreprend des travaux de restauration sous la direction de l\u2019ing\u00e9nieur originaire du Canavais Camillo Boggio, qui transforme le monument en ic\u00f4ne du Moyen-\u00c2ge f\u00e9odal vald\u00f4tain, en style n\u00e9ogothique \u00e9clectique. S\u2019inspirant des ch\u00e2teaux construits sur les \u00e9perons rocheux de la vall\u00e9e du Rhin, dans le Sud de l\u2019Allemagne, Boggio ajoute quatre petites tours aux angles de la tour carr\u00e9e centrale. C\u2019est l\u2019aspect que conserve encore le ch\u00e2teau de nos jours et qui en fait l\u2019un des sites les plus suggestifs de tout le panorama des fortifications de la Vall\u00e9e d\u2019Aoste.  <\/p>\n<p style=\"text-align: left;\">Aujourd\u2019hui, le ch\u00e2teau abrite les salles d\u2019exposition du Mus\u00e9e r\u00e9gional de sciences naturelles Efisio Noussan et propose un double parcours de visite : d\u2019une part, l\u2019histoire de l\u2019\u00e9difice, \u00e0 partir des \u00e9l\u00e9ments encore visibles, et, d\u2019autre part, le Mus\u00e9e de sciences naturelles, qui vous invite \u00e0 r\u00e9aliser un v\u00e9ritable voyage au c\u0153ur des \u00e9cosyst\u00e8mes de la Vall\u00e9e d\u2019Aoste. Une salle didactique accueille \u00e9galement des ateliers destin\u00e9s aux \u00e9coles. <\/p>\n<p>&nbsp;<\/p>\n<\/div><\/div><\/div><\/div>\n\n\n\n<div class=\"wp-block-column is-style-ettblock-col-6 is-layout-flow wp-block-column-is-layout-flow\" style=\"padding-top:var(--wp--preset--spacing--40);flex-basis:50%\">\n<figure class=\"wp-block-image size-full\"><img loading=\"lazy\" decoding=\"async\" width=\"1200\" height=\"800\" src=\"https:\/\/museoscienze.vda.it\/wp-content\/uploads\/2022\/12\/sede-espositiva_rid.jpg\" alt=\"Mus\u00e9e r\u00e9gional des sciences naturelles Efisio Noussan - Les salles d'exposition\" class=\"wp-image-844\" srcset=\"https:\/\/museoscienze.vda.it\/wp-content\/uploads\/2022\/12\/sede-espositiva_rid.jpg 1200w, https:\/\/museoscienze.vda.it\/wp-content\/uploads\/2022\/12\/sede-espositiva_rid-960x640.jpg 960w, https:\/\/museoscienze.vda.it\/wp-content\/uploads\/2022\/12\/sede-espositiva_rid-840x560.jpg 840w\" sizes=\"auto, (max-width: 1200px) 100vw, 1200px\" \/><\/figure>\n\n\n\n<h4 class=\"wp-block-heading has-text-align-center\">Ch\u00e2teau de Saint-Pierre<\/h4>\n\n\n\n<p class=\"has-text-align-center\">5 Localit\u00e9 T\u00e2che<br>11010 Saint-Pierre (AO)<\/p>\n<\/div>\n<\/div>\n\n\n\n<p><\/p>\n\n\n\n<div style=\"height:40px\" aria-hidden=\"true\" class=\"wp-block-spacer\"><\/div>\n\n\n\n<div class=\"wp-block-group has-global-padding is-layout-constrained wp-block-group-is-layout-constrained\"><div style=\"\" id=\"single-featured-element-block_c16f40fe82b1d52cb96414b555f7c41c\"  class=\"ett-block single-featured-element\"><div class=\"content\"><div class=\"block-title display-4 \">Le parcours de visite<\/div><div class=\"body mt-1 mt-lg-2\"><p style=\"text-align: left;\">Le parcours de visite du Mus\u00e9e, qui se d\u00e9roule sur 1200 m2, est bas\u00e9 sur l\u2019interactivit\u00e9, les \u00e9motions, la technologie et sur l\u2019alternance entre tradition et modernit\u00e9. Il retrace l\u2019histoire du ch\u00e2teau et illustre la richesse biologique et les particularit\u00e9s environnementales de la Vall\u00e9e d\u2019Aoste, pour vous proposer un v\u00e9ritable voyage de d\u00e9couverte \u00e0 travers 16 salles situ\u00e9es au rez-de-chauss\u00e9e, au premier et au second \u00e9tages du ch\u00e2teau.  Les personnes handicap\u00e9es ou \u00e0 mobilit\u00e9 r\u00e9duite peuvent acc\u00e9der aux salles 1, 3 et 4. Afin de leur permettre de d\u00e9couvrir la totalit\u00e9 du parcours de visite, la salle 3 a \u00e9t\u00e9 dot\u00e9e d\u2019un poste interactif pour visiter les salles qui ne leur sont pas encore accessibles. <\/p>\n<\/div><div class=\"link text-center\"><a target=\"_blank\" rel=\"noreferrer\" class=\"btn btn-link\" href=\"https:\/\/museoscienze.vda.it\/wp-content\/uploads\/2023\/01\/MuseoRegSC_Mappa_2pp_420x297_CMYK_corr2.pdf\">T\u00e9l\u00e9chargez le plan du Mus\u00e9e<svg aria-label=\"freccia\"  title=\"freccia\" xmlns=\"http:\/\/www.w3.org\/2000\/svg\" width=\"16\" height=\"16\" fill=\"currentColor\" class=\"bi bi-arrow-right-short\" viewBox=\"0 0 16 16\">\r\n  <path fill-rule=\"evenodd\" d=\"M4 8a.5.5 0 0 1 .5-.5h5.793L8.146 5.354a.5.5 0 1 1 .708-.708l3 3a.5.5 0 0 1 0 .708l-3 3a.5.5 0 0 1-.708-.708L10.293 8.5H4.5A.5.5 0 0 1 4 8z\"\/>\r\n<\/svg><\/a><\/div><\/div><\/div>\n\n\n<div style=\"height:70px\" aria-hidden=\"true\" class=\"wp-block-spacer\"><\/div>\n\n\n\n<h2 class=\"wp-block-heading has-text-align-center\">D\u00e9couvrez les salles du Mus\u00e9e<\/h2>\n<\/div>\n\n\n\n<div class=\"wp-block-columns is-layout-flex wp-container-core-columns-is-layout-2 wp-block-columns-is-layout-flex\">\n<div class=\"wp-block-column is-layout-flow wp-block-column-is-layout-flow\" style=\"flex-basis:100%\"><div id=\"image-map-pro-6181\"><\/div>\n<\/div>\n<\/div>\n\n\n\n<h4 class=\"wp-block-heading\"><a href=\"https:\/\/museoscienze.vda.it\/fr\/les-salles-du-chateau-version-accessible\/\" data-type=\"page\" data-id=\"4011\">Les Salles du ch\u00e2teau &#8211; Version accessible<\/a><\/h4>\n\n\n\n<div style=\"height:40px\" aria-hidden=\"true\" class=\"wp-block-spacer\"><\/div>\n\n\n\n<div class=\"wp-block-group alignfull is-style-ettblock-group has-grigio-2-background-color has-background has-global-padding is-layout-constrained wp-container-core-group-is-layout-2 wp-block-group-is-layout-constrained\" style=\"padding-top:var(--wp--preset--spacing--70);padding-right:var(--wp--preset--spacing--30);padding-bottom:var(--wp--preset--spacing--70);padding-left:var(--wp--preset--spacing--30)\">\n<h2 class=\"wp-block-heading alignwide has-text-align-center has-white-1-color has-text-color has-h-2-font-size\">Suivez-nous sur les r\u00e9seaux sociaux<\/h2>\n\n\n\n<div style=\"height:20px\" aria-hidden=\"true\" class=\"wp-block-spacer\"><\/div>\n\n\n\n<ul class=\"wp-block-social-links aligncenter has-normal-icon-size has-visible-labels has-icon-color has-icon-background-color is-style-pill-shape is-layout-flex wp-block-social-links-is-layout-flex\"><li style=\"color: #ffffff; background-color: #14806a; \" class=\"wp-social-link wp-social-link-facebook has-primary-2-background-color wp-block-social-link\"><a rel=\"noopener nofollow\" target=\"_blank\" href=\"https:\/\/www.facebook.com\/profile.php?id=100088134840756\" class=\"wp-block-social-link-anchor\"><svg width=\"24\" height=\"24\" viewBox=\"0 0 24 24\" version=\"1.1\" xmlns=\"http:\/\/www.w3.org\/2000\/svg\" aria-hidden=\"true\" focusable=\"false\"><path d=\"M12 2C6.5 2 2 6.5 2 12c0 5 3.7 9.1 8.4 9.9v-7H7.9V12h2.5V9.8c0-2.5 1.5-3.9 3.8-3.9 1.1 0 2.2.2 2.2.2v2.5h-1.3c-1.2 0-1.6.8-1.6 1.6V12h2.8l-.4 2.9h-2.3v7C18.3 21.1 22 17 22 12c0-5.5-4.5-10-10-10z\"><\/path><\/svg><span class=\"wp-block-social-link-label\">Facebook<\/span><\/a><\/li>\n\n<li style=\"color: #ffffff; background-color: #14806a; \" class=\"wp-social-link wp-social-link-instagram has-primary-2-background-color wp-block-social-link\"><a rel=\"noopener nofollow\" target=\"_blank\" href=\"https:\/\/www.instagram.com\/museoscienzevda\/\" class=\"wp-block-social-link-anchor\"><svg width=\"24\" height=\"24\" viewBox=\"0 0 24 24\" version=\"1.1\" xmlns=\"http:\/\/www.w3.org\/2000\/svg\" aria-hidden=\"true\" focusable=\"false\"><path d=\"M12,4.622c2.403,0,2.688,0.009,3.637,0.052c0.877,0.04,1.354,0.187,1.671,0.31c0.42,0.163,0.72,0.358,1.035,0.673 c0.315,0.315,0.51,0.615,0.673,1.035c0.123,0.317,0.27,0.794,0.31,1.671c0.043,0.949,0.052,1.234,0.052,3.637 s-0.009,2.688-0.052,3.637c-0.04,0.877-0.187,1.354-0.31,1.671c-0.163,0.42-0.358,0.72-0.673,1.035 c-0.315,0.315-0.615,0.51-1.035,0.673c-0.317,0.123-0.794,0.27-1.671,0.31c-0.949,0.043-1.233,0.052-3.637,0.052 s-2.688-0.009-3.637-0.052c-0.877-0.04-1.354-0.187-1.671-0.31c-0.42-0.163-0.72-0.358-1.035-0.673 c-0.315-0.315-0.51-0.615-0.673-1.035c-0.123-0.317-0.27-0.794-0.31-1.671C4.631,14.688,4.622,14.403,4.622,12 s0.009-2.688,0.052-3.637c0.04-0.877,0.187-1.354,0.31-1.671c0.163-0.42,0.358-0.72,0.673-1.035 c0.315-0.315,0.615-0.51,1.035-0.673c0.317-0.123,0.794-0.27,1.671-0.31C9.312,4.631,9.597,4.622,12,4.622 M12,3 C9.556,3,9.249,3.01,8.289,3.054C7.331,3.098,6.677,3.25,6.105,3.472C5.513,3.702,5.011,4.01,4.511,4.511 c-0.5,0.5-0.808,1.002-1.038,1.594C3.25,6.677,3.098,7.331,3.054,8.289C3.01,9.249,3,9.556,3,12c0,2.444,0.01,2.751,0.054,3.711 c0.044,0.958,0.196,1.612,0.418,2.185c0.23,0.592,0.538,1.094,1.038,1.594c0.5,0.5,1.002,0.808,1.594,1.038 c0.572,0.222,1.227,0.375,2.185,0.418C9.249,20.99,9.556,21,12,21s2.751-0.01,3.711-0.054c0.958-0.044,1.612-0.196,2.185-0.418 c0.592-0.23,1.094-0.538,1.594-1.038c0.5-0.5,0.808-1.002,1.038-1.594c0.222-0.572,0.375-1.227,0.418-2.185 C20.99,14.751,21,14.444,21,12s-0.01-2.751-0.054-3.711c-0.044-0.958-0.196-1.612-0.418-2.185c-0.23-0.592-0.538-1.094-1.038-1.594 c-0.5-0.5-1.002-0.808-1.594-1.038c-0.572-0.222-1.227-0.375-2.185-0.418C14.751,3.01,14.444,3,12,3L12,3z M12,7.378 c-2.552,0-4.622,2.069-4.622,4.622S9.448,16.622,12,16.622s4.622-2.069,4.622-4.622S14.552,7.378,12,7.378z M12,15 c-1.657,0-3-1.343-3-3s1.343-3,3-3s3,1.343,3,3S13.657,15,12,15z M16.804,6.116c-0.596,0-1.08,0.484-1.08,1.08 s0.484,1.08,1.08,1.08c0.596,0,1.08-0.484,1.08-1.08S17.401,6.116,16.804,6.116z\"><\/path><\/svg><span class=\"wp-block-social-link-label\">Instagram<\/span><\/a><\/li>\n\n<\/ul>\n<\/div>\n","protected":false},"excerpt":{"rendered":"<p>Ch\u00e2teau de Saint-Pierre 5 Localit\u00e9 T\u00e2che11010 Saint-Pierre (AO) D\u00e9couvrez les salles du Mus\u00e9e Les Salles du ch\u00e2teau &#8211; Version accessible<\/p>\n","protected":false},"author":3,"featured_media":0,"parent":0,"menu_order":0,"comment_status":"closed","ping_status":"closed","template":"","meta":{"_acf_changed":false,"footnotes":""},"class_list":["post-3796","page","type-page","status-publish","hentry"],"acf":[],"yoast_head":"<!-- This site is optimized with the Yoast SEO plugin v26.8 - https:\/\/yoast.com\/product\/yoast-seo-wordpress\/ -->\n<title>Le ch\u00e2teau - Museo Regionale di Scienze Naturali Efisio Noussan<\/title>\n<meta name=\"robots\" content=\"index, follow, max-snippet:-1, max-image-preview:large, max-video-preview:-1\" \/>\n<link rel=\"canonical\" href=\"https:\/\/museoscienze.vda.it\/fr\/explore\/\" \/>\n<meta property=\"og:locale\" content=\"fr_FR\" \/>\n<meta property=\"og:type\" content=\"article\" \/>\n<meta property=\"og:title\" content=\"Le ch\u00e2teau - Museo Regionale di Scienze Naturali Efisio Noussan\" \/>\n<meta property=\"og:description\" content=\"Ch\u00e2teau de Saint-Pierre 5 Localit\u00e9 T\u00e2che11010 Saint-Pierre (AO) D\u00e9couvrez les salles du Mus\u00e9e Les Salles du ch\u00e2teau &#8211; Version accessible\" \/>\n<meta property=\"og:url\" content=\"https:\/\/museoscienze.vda.it\/fr\/explore\/\" \/>\n<meta property=\"og:site_name\" content=\"Museo Regionale di Scienze Naturali Efisio Noussan\" \/>\n<meta property=\"article:modified_time\" content=\"2024-02-15T13:43:45+00:00\" \/>\n<meta property=\"og:image\" content=\"https:\/\/museoscienze.vda.it\/wp-content\/uploads\/2022\/12\/sede-espositiva_rid.jpg\" \/>\n\t<meta property=\"og:image:width\" content=\"1200\" \/>\n\t<meta property=\"og:image:height\" content=\"800\" \/>\n\t<meta property=\"og:image:type\" content=\"image\/jpeg\" \/>\n<meta name=\"twitter:card\" content=\"summary_large_image\" \/>\n<script type=\"application\/ld+json\" class=\"yoast-schema-graph\">{\"@context\":\"https:\/\/schema.org\",\"@graph\":[{\"@type\":\"WebPage\",\"@id\":\"https:\/\/museoscienze.vda.it\/fr\/explore\/\",\"url\":\"https:\/\/museoscienze.vda.it\/fr\/explore\/\",\"name\":\"Le ch\u00e2teau - Museo Regionale di Scienze Naturali Efisio Noussan\",\"isPartOf\":{\"@id\":\"https:\/\/museoscienze.vda.it\/#website\"},\"primaryImageOfPage\":{\"@id\":\"https:\/\/museoscienze.vda.it\/fr\/explore\/#primaryimage\"},\"image\":{\"@id\":\"https:\/\/museoscienze.vda.it\/fr\/explore\/#primaryimage\"},\"thumbnailUrl\":\"https:\/\/museoscienze.vda.it\/wp-content\/uploads\/2022\/12\/sede-espositiva_rid.jpg\",\"datePublished\":\"2022-10-06T13:53:14+00:00\",\"dateModified\":\"2024-02-15T13:43:45+00:00\",\"breadcrumb\":{\"@id\":\"https:\/\/museoscienze.vda.it\/fr\/explore\/#breadcrumb\"},\"inLanguage\":\"fr-FR\",\"potentialAction\":[{\"@type\":\"ReadAction\",\"target\":[\"https:\/\/museoscienze.vda.it\/fr\/explore\/\"]}]},{\"@type\":\"ImageObject\",\"inLanguage\":\"fr-FR\",\"@id\":\"https:\/\/museoscienze.vda.it\/fr\/explore\/#primaryimage\",\"url\":\"https:\/\/museoscienze.vda.it\/wp-content\/uploads\/2022\/12\/sede-espositiva_rid.jpg\",\"contentUrl\":\"https:\/\/museoscienze.vda.it\/wp-content\/uploads\/2022\/12\/sede-espositiva_rid.jpg\"},{\"@type\":\"BreadcrumbList\",\"@id\":\"https:\/\/museoscienze.vda.it\/fr\/explore\/#breadcrumb\",\"itemListElement\":[{\"@type\":\"ListItem\",\"position\":1,\"name\":\"Home\",\"item\":\"https:\/\/museoscienze.vda.it\/fr\/\"},{\"@type\":\"ListItem\",\"position\":2,\"name\":\"Le ch\u00e2teau\"}]},{\"@type\":\"WebSite\",\"@id\":\"https:\/\/museoscienze.vda.it\/#website\",\"url\":\"https:\/\/museoscienze.vda.it\/\",\"name\":\"Museo Regionale di Scienze Naturali Efisio Noussan\",\"description\":\"\",\"publisher\":{\"@id\":\"https:\/\/museoscienze.vda.it\/#organization\"},\"potentialAction\":[{\"@type\":\"SearchAction\",\"target\":{\"@type\":\"EntryPoint\",\"urlTemplate\":\"https:\/\/museoscienze.vda.it\/?s={search_term_string}\"},\"query-input\":{\"@type\":\"PropertyValueSpecification\",\"valueRequired\":true,\"valueName\":\"search_term_string\"}}],\"inLanguage\":\"fr-FR\"},{\"@type\":\"Organization\",\"@id\":\"https:\/\/museoscienze.vda.it\/#organization\",\"name\":\"Museo Regionale di Scienze Naturali Efisio Noussan\",\"url\":\"https:\/\/museoscienze.vda.it\/\",\"logo\":{\"@type\":\"ImageObject\",\"inLanguage\":\"fr-FR\",\"@id\":\"https:\/\/museoscienze.vda.it\/#\/schema\/logo\/image\/\",\"url\":\"https:\/\/museoscienze.vda.it\/wp-content\/uploads\/2023\/09\/logo_MuseoScienzeVDA_completo_rva.png\",\"contentUrl\":\"https:\/\/museoscienze.vda.it\/wp-content\/uploads\/2023\/09\/logo_MuseoScienzeVDA_completo_rva.png\",\"width\":1692,\"height\":646,\"caption\":\"Museo Regionale di Scienze Naturali Efisio Noussan\"},\"image\":{\"@id\":\"https:\/\/museoscienze.vda.it\/#\/schema\/logo\/image\/\"}}]}<\/script>\n<!-- \/ Yoast SEO plugin. -->","yoast_head_json":{"title":"Le ch\u00e2teau - Museo Regionale di Scienze Naturali Efisio Noussan","robots":{"index":"index","follow":"follow","max-snippet":"max-snippet:-1","max-image-preview":"max-image-preview:large","max-video-preview":"max-video-preview:-1"},"canonical":"https:\/\/museoscienze.vda.it\/fr\/explore\/","og_locale":"fr_FR","og_type":"article","og_title":"Le ch\u00e2teau - Museo Regionale di Scienze Naturali Efisio Noussan","og_description":"Ch\u00e2teau de Saint-Pierre 5 Localit\u00e9 T\u00e2che11010 Saint-Pierre (AO) D\u00e9couvrez les salles du Mus\u00e9e Les Salles du ch\u00e2teau &#8211; Version accessible","og_url":"https:\/\/museoscienze.vda.it\/fr\/explore\/","og_site_name":"Museo Regionale di Scienze Naturali Efisio Noussan","article_modified_time":"2024-02-15T13:43:45+00:00","og_image":[{"width":1200,"height":800,"url":"https:\/\/museoscienze.vda.it\/wp-content\/uploads\/2022\/12\/sede-espositiva_rid.jpg","type":"image\/jpeg"}],"twitter_card":"summary_large_image","schema":{"@context":"https:\/\/schema.org","@graph":[{"@type":"WebPage","@id":"https:\/\/museoscienze.vda.it\/fr\/explore\/","url":"https:\/\/museoscienze.vda.it\/fr\/explore\/","name":"Le ch\u00e2teau - Museo Regionale di Scienze Naturali Efisio Noussan","isPartOf":{"@id":"https:\/\/museoscienze.vda.it\/#website"},"primaryImageOfPage":{"@id":"https:\/\/museoscienze.vda.it\/fr\/explore\/#primaryimage"},"image":{"@id":"https:\/\/museoscienze.vda.it\/fr\/explore\/#primaryimage"},"thumbnailUrl":"https:\/\/museoscienze.vda.it\/wp-content\/uploads\/2022\/12\/sede-espositiva_rid.jpg","datePublished":"2022-10-06T13:53:14+00:00","dateModified":"2024-02-15T13:43:45+00:00","breadcrumb":{"@id":"https:\/\/museoscienze.vda.it\/fr\/explore\/#breadcrumb"},"inLanguage":"fr-FR","potentialAction":[{"@type":"ReadAction","target":["https:\/\/museoscienze.vda.it\/fr\/explore\/"]}]},{"@type":"ImageObject","inLanguage":"fr-FR","@id":"https:\/\/museoscienze.vda.it\/fr\/explore\/#primaryimage","url":"https:\/\/museoscienze.vda.it\/wp-content\/uploads\/2022\/12\/sede-espositiva_rid.jpg","contentUrl":"https:\/\/museoscienze.vda.it\/wp-content\/uploads\/2022\/12\/sede-espositiva_rid.jpg"},{"@type":"BreadcrumbList","@id":"https:\/\/museoscienze.vda.it\/fr\/explore\/#breadcrumb","itemListElement":[{"@type":"ListItem","position":1,"name":"Home","item":"https:\/\/museoscienze.vda.it\/fr\/"},{"@type":"ListItem","position":2,"name":"Le ch\u00e2teau"}]},{"@type":"WebSite","@id":"https:\/\/museoscienze.vda.it\/#website","url":"https:\/\/museoscienze.vda.it\/","name":"Museo Regionale di Scienze Naturali Efisio Noussan","description":"","publisher":{"@id":"https:\/\/museoscienze.vda.it\/#organization"},"potentialAction":[{"@type":"SearchAction","target":{"@type":"EntryPoint","urlTemplate":"https:\/\/museoscienze.vda.it\/?s={search_term_string}"},"query-input":{"@type":"PropertyValueSpecification","valueRequired":true,"valueName":"search_term_string"}}],"inLanguage":"fr-FR"},{"@type":"Organization","@id":"https:\/\/museoscienze.vda.it\/#organization","name":"Museo Regionale di Scienze Naturali Efisio Noussan","url":"https:\/\/museoscienze.vda.it\/","logo":{"@type":"ImageObject","inLanguage":"fr-FR","@id":"https:\/\/museoscienze.vda.it\/#\/schema\/logo\/image\/","url":"https:\/\/museoscienze.vda.it\/wp-content\/uploads\/2023\/09\/logo_MuseoScienzeVDA_completo_rva.png","contentUrl":"https:\/\/museoscienze.vda.it\/wp-content\/uploads\/2023\/09\/logo_MuseoScienzeVDA_completo_rva.png","width":1692,"height":646,"caption":"Museo Regionale di Scienze Naturali Efisio Noussan"},"image":{"@id":"https:\/\/museoscienze.vda.it\/#\/schema\/logo\/image\/"}}]}},"_links":{"self":[{"href":"https:\/\/museoscienze.vda.it\/fr\/wp-json\/wp\/v2\/pages\/3796","targetHints":{"allow":["GET"]}}],"collection":[{"href":"https:\/\/museoscienze.vda.it\/fr\/wp-json\/wp\/v2\/pages"}],"about":[{"href":"https:\/\/museoscienze.vda.it\/fr\/wp-json\/wp\/v2\/types\/page"}],"author":[{"embeddable":true,"href":"https:\/\/museoscienze.vda.it\/fr\/wp-json\/wp\/v2\/users\/3"}],"replies":[{"embeddable":true,"href":"https:\/\/museoscienze.vda.it\/fr\/wp-json\/wp\/v2\/comments?post=3796"}],"version-history":[{"count":1,"href":"https:\/\/museoscienze.vda.it\/fr\/wp-json\/wp\/v2\/pages\/3796\/revisions"}],"predecessor-version":[{"id":5518,"href":"https:\/\/museoscienze.vda.it\/fr\/wp-json\/wp\/v2\/pages\/3796\/revisions\/5518"}],"wp:attachment":[{"href":"https:\/\/museoscienze.vda.it\/fr\/wp-json\/wp\/v2\/media?parent=3796"}],"curies":[{"name":"wp","href":"https:\/\/api.w.org\/{rel}","templated":true}]}}