{"id":2061,"date":"2022-10-10T13:01:21","date_gmt":"2022-10-10T11:01:21","guid":{"rendered":"https:\/\/museoscienze.vda.it\/?page_id=2061"},"modified":"2024-02-15T14:09:42","modified_gmt":"2024-02-15T13:09:42","slug":"il-museo-e-la-sua-storia","status":"publish","type":"page","link":"https:\/\/museoscienze.vda.it\/fr\/il-museo-e-la-sua-storia\/","title":{"rendered":"Le Mus\u00e9e et son histoire"},"content":{"rendered":"\n<div class=\"wp-block-group alignfull has-global-padding is-layout-constrained wp-block-group-is-layout-constrained\" style=\"padding-top:var(--wp--preset--spacing--50);padding-bottom:var(--wp--preset--spacing--50)\">\n<div class=\"wp-block-columns is-layout-flex wp-container-core-columns-is-layout-2 wp-block-columns-is-layout-flex\">\n<div class=\"wp-block-column is-style-ettblock-col-4 is-layout-flow wp-block-column-is-layout-flow\" style=\"padding-top:var(--wp--preset--spacing--30);padding-right:var(--wp--preset--spacing--30);padding-bottom:var(--wp--preset--spacing--30);padding-left:var(--wp--preset--spacing--30);flex-basis:20%\">\n<h2 class=\"wp-block-heading has-text-align-center has-h-1-font-size\">1905  <i class=\"icon icon-keyboard_arrow_right\"><\/i><\/h2>\n\n\n\n<hr class=\"wp-block-separator has-alpha-channel-opacity is-style-dots\"\/>\n<\/div>\n\n\n\n<div class=\"wp-block-column is-style-ettblock-col-4 is-layout-flow wp-block-column-is-layout-flow\" style=\"padding-top:var(--wp--preset--spacing--30);padding-right:var(--wp--preset--spacing--30);padding-bottom:var(--wp--preset--spacing--30);padding-left:var(--wp--preset--spacing--30);flex-basis:80%\">\n<h2 class=\"wp-block-heading\">La Soci\u00e9t\u00e9 de la Flore Vald\u00f4taine cr\u00e9e un mus\u00e9e priv\u00e9 pour conserver les trouvailles et promouvoir les sciences naturelles en Vall\u00e9e d&rsquo;Aoste<\/h2>\n\n\n\n<div class=\"wp-block-columns is-layout-flex wp-container-core-columns-is-layout-1 wp-block-columns-is-layout-flex\">\n<div class=\"wp-block-column is-layout-flow wp-block-column-is-layout-flow\" style=\"flex-basis:33%\">\n<div class=\"wp-block-cover is-light\" style=\"min-height:300px;aspect-ratio:unset;\"><span aria-hidden=\"true\" class=\"wp-block-cover__background has-background-dim-0 has-background-dim\"><\/span><img loading=\"lazy\" decoding=\"async\" width=\"1419\" height=\"2096\" class=\"wp-block-cover__image-background wp-image-2246\" alt=\"\" src=\"https:\/\/museoscienze.vda.it\/wp-content\/uploads\/2023\/04\/1905_SFV_E.BERARD.jpg\" style=\"object-position:54% 8%\" data-object-fit=\"cover\" data-object-position=\"54% 8%\" srcset=\"https:\/\/museoscienze.vda.it\/wp-content\/uploads\/2023\/04\/1905_SFV_E.BERARD.jpg 1419w, https:\/\/museoscienze.vda.it\/wp-content\/uploads\/2023\/04\/1905_SFV_E.BERARD-650x960.jpg 650w, https:\/\/museoscienze.vda.it\/wp-content\/uploads\/2023\/04\/1905_SFV_E.BERARD-379x560.jpg 379w, https:\/\/museoscienze.vda.it\/wp-content\/uploads\/2023\/04\/1905_SFV_E.BERARD-867x1280.jpg 867w, https:\/\/museoscienze.vda.it\/wp-content\/uploads\/2023\/04\/1905_SFV_E.BERARD-1040x1536.jpg 1040w, https:\/\/museoscienze.vda.it\/wp-content\/uploads\/2023\/04\/1905_SFV_E.BERARD-1387x2048.jpg 1387w\" sizes=\"auto, (max-width: 1419px) 100vw, 1419px\" \/><div class=\"wp-block-cover__inner-container is-layout-flow wp-block-cover-is-layout-flow\">\n<p class=\"has-text-align-center has-white-1-color has-text-color has-large-font-size\"><\/p>\n<\/div><\/div>\n<\/div>\n\n\n\n<div class=\"wp-block-column is-layout-flow wp-block-column-is-layout-flow\" style=\"flex-basis:33%\">\n<div class=\"wp-block-cover is-light\" style=\"min-height:300px;aspect-ratio:unset;\"><span aria-hidden=\"true\" class=\"wp-block-cover__background has-background-dim-0 has-background-dim\"><\/span><img loading=\"lazy\" decoding=\"async\" width=\"235\" height=\"279\" class=\"wp-block-cover__image-background wp-image-2249\" alt=\"\" src=\"https:\/\/museoscienze.vda.it\/wp-content\/uploads\/2023\/04\/1905-Abate-Pierre-Louis-Vescoz.jpg\" style=\"object-position:62% 5%\" data-object-fit=\"cover\" data-object-position=\"62% 5%\"\/><div class=\"wp-block-cover__inner-container is-layout-flow wp-block-cover-is-layout-flow\">\n<p class=\"has-text-align-center has-white-1-color has-text-color has-large-font-size\"><\/p>\n<\/div><\/div>\n<\/div>\n\n\n\n<div class=\"wp-block-column is-layout-flow wp-block-column-is-layout-flow\" style=\"flex-basis:33%\">\n<div class=\"wp-block-cover is-light\" style=\"min-height:300px;aspect-ratio:unset;\"><span aria-hidden=\"true\" class=\"wp-block-cover__background has-background-dim-0 has-background-dim\"><\/span><img loading=\"lazy\" decoding=\"async\" width=\"199\" height=\"283\" class=\"wp-block-cover__image-background wp-image-2255\" alt=\"\" src=\"https:\/\/museoscienze.vda.it\/wp-content\/uploads\/2023\/04\/1905-Abate-Joseph-Marie-Henry.jpg\" style=\"object-position:58% 11%\" data-object-fit=\"cover\" data-object-position=\"58% 11%\"\/><div class=\"wp-block-cover__inner-container is-layout-flow wp-block-cover-is-layout-flow\">\n<p class=\"has-text-align-center has-white-1-color has-text-color has-large-font-size\"><\/p>\n<\/div><\/div>\n<\/div>\n<\/div>\n<\/div>\n<\/div>\n<\/div>\n\n<div class=\"wp-block-group alignfull has-grigio-1-background-color has-background has-global-padding is-layout-constrained wp-block-group-is-layout-constrained\" style=\"padding-top:var(--wp--preset--spacing--50);padding-bottom:var(--wp--preset--spacing--50)\">\n<div class=\"wp-block-columns is-layout-flex wp-container-core-columns-is-layout-3 wp-block-columns-is-layout-flex\">\n<div class=\"wp-block-column is-vertically-aligned-top is-style-ettblock-col-4 is-layout-flow wp-block-column-is-layout-flow\" style=\"padding-top:var(--wp--preset--spacing--30);padding-right:var(--wp--preset--spacing--30);padding-bottom:var(--wp--preset--spacing--30);padding-left:var(--wp--preset--spacing--30);flex-basis:20%\">\n<h2 class=\"wp-block-heading has-text-align-center has-h-1-font-size\">1934  <i class=\"icon icon-keyboard_arrow_right\"><\/i><\/h2>\n<\/div>\n\n\n\n<div class=\"wp-block-column is-style-ettblock-col-4 is-layout-flow wp-block-column-is-layout-flow\" style=\"padding-top:var(--wp--preset--spacing--30);padding-right:var(--wp--preset--spacing--30);padding-bottom:var(--wp--preset--spacing--30);padding-left:var(--wp--preset--spacing--30);flex-basis:80%\">\n<h2 class=\"wp-block-heading\">Les collections du mus\u00e9e sont temporairement transf\u00e9r\u00e9es \u00e0 l&rsquo;\u00c9cole militaire alpine<\/h2>\n<\/div>\n<\/div>\n<\/div>\n\n<div class=\"wp-block-group alignfull has-global-padding is-layout-constrained wp-block-group-is-layout-constrained\" style=\"padding-top:var(--wp--preset--spacing--50);padding-bottom:var(--wp--preset--spacing--50)\">\n<div class=\"wp-block-columns is-layout-flex wp-container-core-columns-is-layout-5 wp-block-columns-is-layout-flex\">\n<div class=\"wp-block-column is-style-ettblock-col-4 is-layout-flow wp-block-column-is-layout-flow\" style=\"padding-top:var(--wp--preset--spacing--30);padding-right:var(--wp--preset--spacing--30);padding-bottom:var(--wp--preset--spacing--30);padding-left:var(--wp--preset--spacing--30);flex-basis:20%\">\n<h2 class=\"wp-block-heading has-text-align-center has-h-1-font-size\">1975  <i class=\"icon icon-keyboard_arrow_right\"><\/i><\/h2>\n<\/div>\n\n\n\n<div class=\"wp-block-column is-style-ettblock-col-4 is-layout-flow wp-block-column-is-layout-flow\" style=\"padding-top:var(--wp--preset--spacing--30);padding-right:var(--wp--preset--spacing--30);padding-bottom:var(--wp--preset--spacing--30);padding-left:var(--wp--preset--spacing--30);flex-basis:80%\">\n<h2 class=\"wp-block-heading\">La Soci\u00e9t\u00e9 reconstitue le mus\u00e9e dans l&rsquo;\u00e9glise Saint-Laurent d&rsquo;Aoste<\/h2>\n\n\n\n<div class=\"wp-block-columns is-layout-flex wp-container-core-columns-is-layout-4 wp-block-columns-is-layout-flex\">\n<div class=\"wp-block-column is-layout-flow wp-block-column-is-layout-flow\" style=\"flex-basis:33%\">\n<div class=\"wp-block-cover is-light\" style=\"min-height:300px;aspect-ratio:unset;\"><span aria-hidden=\"true\" class=\"wp-block-cover__background has-background-dim-0 has-background-dim\"><\/span><img loading=\"lazy\" decoding=\"async\" width=\"1535\" height=\"1061\" class=\"wp-block-cover__image-background wp-image-3528\" alt=\"\" src=\"https:\/\/museoscienze.vda.it\/wp-content\/uploads\/2023\/05\/1971-Museo-Chiese-di-San-Lorenzo.jpg\" data-object-fit=\"cover\" srcset=\"https:\/\/museoscienze.vda.it\/wp-content\/uploads\/2023\/05\/1971-Museo-Chiese-di-San-Lorenzo.jpg 1535w, https:\/\/museoscienze.vda.it\/wp-content\/uploads\/2023\/05\/1971-Museo-Chiese-di-San-Lorenzo-960x664.jpg 960w, https:\/\/museoscienze.vda.it\/wp-content\/uploads\/2023\/05\/1971-Museo-Chiese-di-San-Lorenzo-1280x885.jpg 1280w, https:\/\/museoscienze.vda.it\/wp-content\/uploads\/2023\/05\/1971-Museo-Chiese-di-San-Lorenzo-810x560.jpg 810w\" sizes=\"auto, (max-width: 1535px) 100vw, 1535px\" \/><div class=\"wp-block-cover__inner-container is-layout-flow wp-block-cover-is-layout-flow\">\n<p class=\"has-text-align-center has-white-1-color has-text-color has-large-font-size\"><\/p>\n<\/div><\/div>\n<\/div>\n\n\n\n<div class=\"wp-block-column is-layout-flow wp-block-column-is-layout-flow\" style=\"flex-basis:33%\"><\/div>\n\n\n\n<div class=\"wp-block-column is-layout-flow wp-block-column-is-layout-flow\" style=\"flex-basis:33%\"><\/div>\n<\/div>\n<\/div>\n<\/div>\n<\/div>\n\n<div class=\"wp-block-group alignfull has-grigio-1-background-color has-background has-global-padding is-layout-constrained wp-block-group-is-layout-constrained\" style=\"padding-top:var(--wp--preset--spacing--50);padding-bottom:var(--wp--preset--spacing--50)\">\n<div class=\"wp-block-columns is-layout-flex wp-container-core-columns-is-layout-7 wp-block-columns-is-layout-flex\">\n<div class=\"wp-block-column is-style-ettblock-col-4 is-layout-flow wp-block-column-is-layout-flow\" style=\"padding-top:var(--wp--preset--spacing--30);padding-right:var(--wp--preset--spacing--30);padding-bottom:var(--wp--preset--spacing--30);padding-left:var(--wp--preset--spacing--30);flex-basis:20%\">\n<h2 class=\"wp-block-heading has-text-align-center has-h-1-font-size\">1985  <i class=\"icon icon-keyboard_arrow_right\"><\/i><\/h2>\n<\/div>\n\n\n\n<div class=\"wp-block-column is-style-ettblock-col-4 is-layout-flow wp-block-column-is-layout-flow\" style=\"padding-top:var(--wp--preset--spacing--30);padding-right:var(--wp--preset--spacing--30);padding-bottom:var(--wp--preset--spacing--30);padding-left:var(--wp--preset--spacing--30);flex-basis:80%\">\n<h2 class=\"wp-block-heading\">Le mus\u00e9e trouve sa nouvelle demeure au Ch\u00e2teau de Saint-Pierre<\/h2>\n\n\n\n<div class=\"wp-block-columns is-layout-flex wp-container-core-columns-is-layout-6 wp-block-columns-is-layout-flex\">\n<div class=\"wp-block-column is-layout-flow wp-block-column-is-layout-flow\" style=\"flex-basis:33%\">\n<div class=\"wp-block-cover\" style=\"min-height:300px;aspect-ratio:unset;\"><span aria-hidden=\"true\" class=\"wp-block-cover__background has-background-dim-0 has-background-dim\"><\/span><img loading=\"lazy\" decoding=\"async\" width=\"460\" height=\"700\" class=\"wp-block-cover__image-background wp-image-2258\" alt=\"\" src=\"https:\/\/museoscienze.vda.it\/wp-content\/uploads\/2023\/04\/1985-Castello-Saint-Pierre.jpg\" style=\"object-position:51% 10%\" data-object-fit=\"cover\" data-object-position=\"51% 10%\" srcset=\"https:\/\/museoscienze.vda.it\/wp-content\/uploads\/2023\/04\/1985-Castello-Saint-Pierre.jpg 460w, https:\/\/museoscienze.vda.it\/wp-content\/uploads\/2023\/04\/1985-Castello-Saint-Pierre-368x560.jpg 368w\" sizes=\"auto, (max-width: 460px) 100vw, 460px\" \/><div class=\"wp-block-cover__inner-container is-layout-flow wp-block-cover-is-layout-flow\">\n<p class=\"has-text-align-center has-white-1-color has-text-color has-large-font-size\"><\/p>\n<\/div><\/div>\n<\/div>\n\n\n\n<div class=\"wp-block-column is-layout-flow wp-block-column-is-layout-flow\" style=\"flex-basis:33%\">\n<div class=\"wp-block-cover\" style=\"min-height:300px;aspect-ratio:unset;\"><span aria-hidden=\"true\" class=\"wp-block-cover__background has-background-dim-0 has-background-dim\"><\/span><img loading=\"lazy\" decoding=\"async\" width=\"1020\" height=\"765\" class=\"wp-block-cover__image-background wp-image-2261\" alt=\"\" src=\"https:\/\/museoscienze.vda.it\/wp-content\/uploads\/2023\/04\/1985-Museo.jpg\" style=\"object-position:100% 43%\" data-object-fit=\"cover\" data-object-position=\"100% 43%\" srcset=\"https:\/\/museoscienze.vda.it\/wp-content\/uploads\/2023\/04\/1985-Museo.jpg 1020w, https:\/\/museoscienze.vda.it\/wp-content\/uploads\/2023\/04\/1985-Museo-960x720.jpg 960w, https:\/\/museoscienze.vda.it\/wp-content\/uploads\/2023\/04\/1985-Museo-747x560.jpg 747w\" sizes=\"auto, (max-width: 1020px) 100vw, 1020px\" \/><div class=\"wp-block-cover__inner-container is-layout-flow wp-block-cover-is-layout-flow\">\n<p class=\"has-text-align-center has-white-1-color has-text-color has-large-font-size\"><\/p>\n<\/div><\/div>\n<\/div>\n\n\n\n<div class=\"wp-block-column is-layout-flow wp-block-column-is-layout-flow\" style=\"flex-basis:33%\">\n<div class=\"wp-block-cover\" style=\"min-height:300px;aspect-ratio:unset;\"><span aria-hidden=\"true\" class=\"wp-block-cover__background has-background-dim-0 has-background-dim\"><\/span><img loading=\"lazy\" decoding=\"async\" width=\"2540\" height=\"2560\" class=\"wp-block-cover__image-background wp-image-2264\" alt=\"\" src=\"https:\/\/museoscienze.vda.it\/wp-content\/uploads\/2023\/04\/1985-SPIERR20-scaled.jpg\" style=\"object-position:57% 61%\" data-object-fit=\"cover\" data-object-position=\"57% 61%\" srcset=\"https:\/\/museoscienze.vda.it\/wp-content\/uploads\/2023\/04\/1985-SPIERR20-scaled.jpg 2540w, https:\/\/museoscienze.vda.it\/wp-content\/uploads\/2023\/04\/1985-SPIERR20-953x960.jpg 953w, https:\/\/museoscienze.vda.it\/wp-content\/uploads\/2023\/04\/1985-SPIERR20-556x560.jpg 556w, https:\/\/museoscienze.vda.it\/wp-content\/uploads\/2023\/04\/1985-SPIERR20-1270x1280.jpg 1270w, https:\/\/museoscienze.vda.it\/wp-content\/uploads\/2023\/04\/1985-SPIERR20-1524x1536.jpg 1524w, https:\/\/museoscienze.vda.it\/wp-content\/uploads\/2023\/04\/1985-SPIERR20-2032x2048.jpg 2032w, https:\/\/museoscienze.vda.it\/wp-content\/uploads\/2023\/04\/1985-SPIERR20-50x50.jpg 50w\" sizes=\"auto, (max-width: 2540px) 100vw, 2540px\" \/><div class=\"wp-block-cover__inner-container is-layout-flow wp-block-cover-is-layout-flow\">\n<p class=\"has-text-align-center has-white-1-color has-text-color has-large-font-size\"><\/p>\n<\/div><\/div>\n<\/div>\n<\/div>\n<\/div>\n<\/div>\n<\/div>\n\n<div class=\"wp-block-group is-layout-flow wp-block-group-is-layout-flow\" style=\"padding-top:var(--wp--preset--spacing--50);padding-bottom:var(--wp--preset--spacing--50)\">\n<div class=\"wp-block-columns is-layout-flex wp-container-core-columns-is-layout-9 wp-block-columns-is-layout-flex\" style=\"padding-top:var(--wp--preset--spacing--30);padding-right:var(--wp--preset--spacing--30);padding-bottom:var(--wp--preset--spacing--30);padding-left:var(--wp--preset--spacing--30)\">\n<div class=\"wp-block-column is-style-ettblock-col-4 has-h-1-font-size is-layout-flow wp-block-column-is-layout-flow\" style=\"padding-top:var(--wp--preset--spacing--30);padding-right:var(--wp--preset--spacing--30);padding-bottom:var(--wp--preset--spacing--30);padding-left:var(--wp--preset--spacing--30);flex-basis:20%\">\n<h2 class=\"wp-block-heading has-text-align-center has-h-1-font-size\">2015  <i class=\"icon icon-keyboard_arrow_right\"><\/i><\/h2>\n<\/div>\n\n\n\n<div class=\"wp-block-column is-style-ettblock-col-4 is-layout-flow wp-block-column-is-layout-flow\" style=\"padding-top:var(--wp--preset--spacing--30);padding-right:var(--wp--preset--spacing--30);padding-bottom:var(--wp--preset--spacing--30);padding-left:var(--wp--preset--spacing--30);flex-basis:80%\">\n<h2 class=\"wp-block-heading\">Le mus\u00e9e prend le nom d&rsquo;Efisio Noussan et 2 sites sont cr\u00e9\u00e9s<\/h2>\n\n\n\n<div class=\"wp-block-columns is-layout-flex wp-container-core-columns-is-layout-8 wp-block-columns-is-layout-flex\">\n<div class=\"wp-block-column is-layout-flow wp-block-column-is-layout-flow\" style=\"flex-basis:33%\">\n<div class=\"wp-block-cover\" style=\"min-height:300px;aspect-ratio:unset;\"><span aria-hidden=\"true\" class=\"wp-block-cover__background has-background-dim-0 has-background-dim\"><\/span><img loading=\"lazy\" decoding=\"async\" width=\"2362\" height=\"1574\" class=\"wp-block-cover__image-background wp-image-2267\" alt=\"\" src=\"https:\/\/museoscienze.vda.it\/wp-content\/uploads\/2023\/04\/2015MuseoScienzeNaturali_21.jpg\" data-object-fit=\"cover\" srcset=\"https:\/\/museoscienze.vda.it\/wp-content\/uploads\/2023\/04\/2015MuseoScienzeNaturali_21.jpg 2362w, https:\/\/museoscienze.vda.it\/wp-content\/uploads\/2023\/04\/2015MuseoScienzeNaturali_21-960x640.jpg 960w, https:\/\/museoscienze.vda.it\/wp-content\/uploads\/2023\/04\/2015MuseoScienzeNaturali_21-840x560.jpg 840w, https:\/\/museoscienze.vda.it\/wp-content\/uploads\/2023\/04\/2015MuseoScienzeNaturali_21-1280x853.jpg 1280w, https:\/\/museoscienze.vda.it\/wp-content\/uploads\/2023\/04\/2015MuseoScienzeNaturali_21-1536x1024.jpg 1536w, https:\/\/museoscienze.vda.it\/wp-content\/uploads\/2023\/04\/2015MuseoScienzeNaturali_21-2048x1365.jpg 2048w\" sizes=\"auto, (max-width: 2362px) 100vw, 2362px\" \/><div class=\"wp-block-cover__inner-container is-layout-flow wp-block-cover-is-layout-flow\">\n<p class=\"has-text-align-center has-white-1-color has-text-color has-large-font-size\"><\/p>\n<\/div><\/div>\n<\/div>\n\n\n\n<div class=\"wp-block-column is-layout-flow wp-block-column-is-layout-flow\" style=\"flex-basis:33%\">\n<div class=\"wp-block-cover\" style=\"min-height:300px;aspect-ratio:unset;\"><span aria-hidden=\"true\" class=\"wp-block-cover__background has-background-dim-0 has-background-dim\"><\/span><img loading=\"lazy\" decoding=\"async\" width=\"2362\" height=\"1574\" class=\"wp-block-cover__image-background wp-image-2270\" alt=\"\" src=\"https:\/\/museoscienze.vda.it\/wp-content\/uploads\/2023\/04\/2015MuseoScienzeNaturali_castello.jpg\" data-object-fit=\"cover\" srcset=\"https:\/\/museoscienze.vda.it\/wp-content\/uploads\/2023\/04\/2015MuseoScienzeNaturali_castello.jpg 2362w, https:\/\/museoscienze.vda.it\/wp-content\/uploads\/2023\/04\/2015MuseoScienzeNaturali_castello-960x640.jpg 960w, https:\/\/museoscienze.vda.it\/wp-content\/uploads\/2023\/04\/2015MuseoScienzeNaturali_castello-840x560.jpg 840w, https:\/\/museoscienze.vda.it\/wp-content\/uploads\/2023\/04\/2015MuseoScienzeNaturali_castello-1280x853.jpg 1280w, https:\/\/museoscienze.vda.it\/wp-content\/uploads\/2023\/04\/2015MuseoScienzeNaturali_castello-1536x1024.jpg 1536w, https:\/\/museoscienze.vda.it\/wp-content\/uploads\/2023\/04\/2015MuseoScienzeNaturali_castello-2048x1365.jpg 2048w\" sizes=\"auto, (max-width: 2362px) 100vw, 2362px\" \/><div class=\"wp-block-cover__inner-container is-layout-flow wp-block-cover-is-layout-flow\">\n<p class=\"has-text-align-center has-white-1-color has-text-color has-large-font-size\"><\/p>\n<\/div><\/div>\n<\/div>\n\n\n\n<div class=\"wp-block-column is-layout-flow wp-block-column-is-layout-flow\" style=\"flex-basis:33%\">\n<div class=\"wp-block-cover\" style=\"min-height:300px;aspect-ratio:unset;\"><span aria-hidden=\"true\" class=\"wp-block-cover__background has-background-dim-0 has-background-dim\"><\/span><img loading=\"lazy\" decoding=\"async\" width=\"1862\" height=\"2362\" class=\"wp-block-cover__image-background wp-image-2273\" alt=\"\" src=\"https:\/\/museoscienze.vda.it\/wp-content\/uploads\/2023\/04\/2015MuseoScienzeNaturali_43.jpg\" data-object-fit=\"cover\" srcset=\"https:\/\/museoscienze.vda.it\/wp-content\/uploads\/2023\/04\/2015MuseoScienzeNaturali_43.jpg 1862w, https:\/\/museoscienze.vda.it\/wp-content\/uploads\/2023\/04\/2015MuseoScienzeNaturali_43-757x960.jpg 757w, https:\/\/museoscienze.vda.it\/wp-content\/uploads\/2023\/04\/2015MuseoScienzeNaturali_43-441x560.jpg 441w, https:\/\/museoscienze.vda.it\/wp-content\/uploads\/2023\/04\/2015MuseoScienzeNaturali_43-1009x1280.jpg 1009w, https:\/\/museoscienze.vda.it\/wp-content\/uploads\/2023\/04\/2015MuseoScienzeNaturali_43-1211x1536.jpg 1211w, https:\/\/museoscienze.vda.it\/wp-content\/uploads\/2023\/04\/2015MuseoScienzeNaturali_43-1614x2048.jpg 1614w\" sizes=\"auto, (max-width: 1862px) 100vw, 1862px\" \/><div class=\"wp-block-cover__inner-container is-layout-flow wp-block-cover-is-layout-flow\">\n<p class=\"has-text-align-center has-white-1-color has-text-color has-large-font-size\"><\/p>\n<\/div><\/div>\n<\/div>\n<\/div>\n<\/div>\n<\/div>\n<\/div>\n\n<figure class=\"wp-block-video\"><\/figure>\n","protected":false},"excerpt":{"rendered":"<p>1905 La Soci\u00e9t\u00e9 de la Flore Vald\u00f4taine cr\u00e9e un mus\u00e9e priv\u00e9 pour conserver les trouvailles et promouvoir les sciences naturelles en Vall\u00e9e d&rsquo;Aoste 1934 Les collections du mus\u00e9e sont temporairement transf\u00e9r\u00e9es \u00e0 l&rsquo;\u00c9cole militaire alpine 1975 La Soci\u00e9t\u00e9 reconstitue le mus\u00e9e dans l&rsquo;\u00e9glise Saint-Laurent d&rsquo;Aoste 1985 Le mus\u00e9e trouve sa nouvelle demeure au Ch\u00e2teau de &hellip; <a href=\"https:\/\/museoscienze.vda.it\/fr\/il-museo-e-la-sua-storia\/\">Leggi di pi\u00f9<\/a><\/p>\n","protected":false},"author":3,"featured_media":0,"parent":0,"menu_order":0,"comment_status":"closed","ping_status":"closed","template":"","meta":{"_acf_changed":false,"footnotes":""},"class_list":["post-2061","page","type-page","status-publish","hentry"],"acf":[],"yoast_head":"<!-- This site is optimized with the Yoast SEO plugin v26.8 - https:\/\/yoast.com\/product\/yoast-seo-wordpress\/ -->\n<title>Le Mus\u00e9e et son histoire - Museo Regionale di Scienze Naturali Efisio Noussan<\/title>\n<meta name=\"robots\" content=\"index, follow, max-snippet:-1, max-image-preview:large, max-video-preview:-1\" \/>\n<link rel=\"canonical\" href=\"https:\/\/museoscienze.vda.it\/fr\/il-museo-e-la-sua-storia\/\" \/>\n<meta property=\"og:locale\" content=\"fr_FR\" \/>\n<meta property=\"og:type\" content=\"article\" \/>\n<meta property=\"og:title\" content=\"Le Mus\u00e9e et son histoire - Museo Regionale di Scienze Naturali Efisio Noussan\" \/>\n<meta property=\"og:description\" content=\"1905 La Soci\u00e9t\u00e9 de la Flore Vald\u00f4taine cr\u00e9e un mus\u00e9e priv\u00e9 pour conserver les trouvailles et promouvoir les sciences naturelles en Vall\u00e9e d&rsquo;Aoste 1934 Les collections du mus\u00e9e sont temporairement transf\u00e9r\u00e9es \u00e0 l&rsquo;\u00c9cole militaire alpine 1975 La Soci\u00e9t\u00e9 reconstitue le mus\u00e9e dans l&rsquo;\u00e9glise Saint-Laurent d&rsquo;Aoste 1985 Le mus\u00e9e trouve sa nouvelle demeure au Ch\u00e2teau de &hellip; Leggi di pi\u00f9\" \/>\n<meta property=\"og:url\" content=\"https:\/\/museoscienze.vda.it\/fr\/il-museo-e-la-sua-storia\/\" \/>\n<meta property=\"og:site_name\" content=\"Museo Regionale di Scienze Naturali Efisio Noussan\" \/>\n<meta property=\"article:modified_time\" content=\"2024-02-15T13:09:42+00:00\" \/>\n<meta property=\"og:image\" content=\"https:\/\/museoscienze.vda.it\/wp-content\/uploads\/2023\/04\/1905_SFV_E.BERARD.jpg\" \/>\n\t<meta property=\"og:image:width\" content=\"1419\" \/>\n\t<meta property=\"og:image:height\" content=\"2096\" \/>\n\t<meta property=\"og:image:type\" content=\"image\/jpeg\" \/>\n<meta name=\"twitter:card\" content=\"summary_large_image\" \/>\n<script type=\"application\/ld+json\" class=\"yoast-schema-graph\">{\"@context\":\"https:\/\/schema.org\",\"@graph\":[{\"@type\":\"WebPage\",\"@id\":\"https:\/\/museoscienze.vda.it\/fr\/il-museo-e-la-sua-storia\/\",\"url\":\"https:\/\/museoscienze.vda.it\/fr\/il-museo-e-la-sua-storia\/\",\"name\":\"Le Mus\u00e9e et son histoire - Museo Regionale di Scienze Naturali Efisio Noussan\",\"isPartOf\":{\"@id\":\"https:\/\/museoscienze.vda.it\/#website\"},\"primaryImageOfPage\":{\"@id\":\"https:\/\/museoscienze.vda.it\/fr\/il-museo-e-la-sua-storia\/#primaryimage\"},\"image\":{\"@id\":\"https:\/\/museoscienze.vda.it\/fr\/il-museo-e-la-sua-storia\/#primaryimage\"},\"thumbnailUrl\":\"https:\/\/museoscienze.vda.it\/wp-content\/uploads\/2023\/04\/1905_SFV_E.BERARD.jpg\",\"datePublished\":\"2022-10-10T11:01:21+00:00\",\"dateModified\":\"2024-02-15T13:09:42+00:00\",\"breadcrumb\":{\"@id\":\"https:\/\/museoscienze.vda.it\/fr\/il-museo-e-la-sua-storia\/#breadcrumb\"},\"inLanguage\":\"fr-FR\",\"potentialAction\":[{\"@type\":\"ReadAction\",\"target\":[\"https:\/\/museoscienze.vda.it\/fr\/il-museo-e-la-sua-storia\/\"]}]},{\"@type\":\"ImageObject\",\"inLanguage\":\"fr-FR\",\"@id\":\"https:\/\/museoscienze.vda.it\/fr\/il-museo-e-la-sua-storia\/#primaryimage\",\"url\":\"https:\/\/museoscienze.vda.it\/wp-content\/uploads\/2023\/04\/1905_SFV_E.BERARD.jpg\",\"contentUrl\":\"https:\/\/museoscienze.vda.it\/wp-content\/uploads\/2023\/04\/1905_SFV_E.BERARD.jpg\"},{\"@type\":\"BreadcrumbList\",\"@id\":\"https:\/\/museoscienze.vda.it\/fr\/il-museo-e-la-sua-storia\/#breadcrumb\",\"itemListElement\":[{\"@type\":\"ListItem\",\"position\":1,\"name\":\"Home\",\"item\":\"https:\/\/museoscienze.vda.it\/fr\/\"},{\"@type\":\"ListItem\",\"position\":2,\"name\":\"Le Mus\u00e9e et son histoire\"}]},{\"@type\":\"WebSite\",\"@id\":\"https:\/\/museoscienze.vda.it\/#website\",\"url\":\"https:\/\/museoscienze.vda.it\/\",\"name\":\"Museo Regionale di Scienze Naturali Efisio Noussan\",\"description\":\"\",\"publisher\":{\"@id\":\"https:\/\/museoscienze.vda.it\/#organization\"},\"potentialAction\":[{\"@type\":\"SearchAction\",\"target\":{\"@type\":\"EntryPoint\",\"urlTemplate\":\"https:\/\/museoscienze.vda.it\/?s={search_term_string}\"},\"query-input\":{\"@type\":\"PropertyValueSpecification\",\"valueRequired\":true,\"valueName\":\"search_term_string\"}}],\"inLanguage\":\"fr-FR\"},{\"@type\":\"Organization\",\"@id\":\"https:\/\/museoscienze.vda.it\/#organization\",\"name\":\"Museo Regionale di Scienze Naturali Efisio Noussan\",\"url\":\"https:\/\/museoscienze.vda.it\/\",\"logo\":{\"@type\":\"ImageObject\",\"inLanguage\":\"fr-FR\",\"@id\":\"https:\/\/museoscienze.vda.it\/#\/schema\/logo\/image\/\",\"url\":\"https:\/\/museoscienze.vda.it\/wp-content\/uploads\/2023\/09\/logo_MuseoScienzeVDA_completo_rva.png\",\"contentUrl\":\"https:\/\/museoscienze.vda.it\/wp-content\/uploads\/2023\/09\/logo_MuseoScienzeVDA_completo_rva.png\",\"width\":1692,\"height\":646,\"caption\":\"Museo Regionale di Scienze Naturali Efisio Noussan\"},\"image\":{\"@id\":\"https:\/\/museoscienze.vda.it\/#\/schema\/logo\/image\/\"}}]}<\/script>\n<!-- \/ Yoast SEO plugin. -->","yoast_head_json":{"title":"Le Mus\u00e9e et son histoire - Museo Regionale di Scienze Naturali Efisio Noussan","robots":{"index":"index","follow":"follow","max-snippet":"max-snippet:-1","max-image-preview":"max-image-preview:large","max-video-preview":"max-video-preview:-1"},"canonical":"https:\/\/museoscienze.vda.it\/fr\/il-museo-e-la-sua-storia\/","og_locale":"fr_FR","og_type":"article","og_title":"Le Mus\u00e9e et son histoire - Museo Regionale di Scienze Naturali Efisio Noussan","og_description":"1905 La Soci\u00e9t\u00e9 de la Flore Vald\u00f4taine cr\u00e9e un mus\u00e9e priv\u00e9 pour conserver les trouvailles et promouvoir les sciences naturelles en Vall\u00e9e d&rsquo;Aoste 1934 Les collections du mus\u00e9e sont temporairement transf\u00e9r\u00e9es \u00e0 l&rsquo;\u00c9cole militaire alpine 1975 La Soci\u00e9t\u00e9 reconstitue le mus\u00e9e dans l&rsquo;\u00e9glise Saint-Laurent d&rsquo;Aoste 1985 Le mus\u00e9e trouve sa nouvelle demeure au Ch\u00e2teau de &hellip; Leggi di pi\u00f9","og_url":"https:\/\/museoscienze.vda.it\/fr\/il-museo-e-la-sua-storia\/","og_site_name":"Museo Regionale di Scienze Naturali Efisio Noussan","article_modified_time":"2024-02-15T13:09:42+00:00","og_image":[{"width":1419,"height":2096,"url":"https:\/\/museoscienze.vda.it\/wp-content\/uploads\/2023\/04\/1905_SFV_E.BERARD.jpg","type":"image\/jpeg"}],"twitter_card":"summary_large_image","schema":{"@context":"https:\/\/schema.org","@graph":[{"@type":"WebPage","@id":"https:\/\/museoscienze.vda.it\/fr\/il-museo-e-la-sua-storia\/","url":"https:\/\/museoscienze.vda.it\/fr\/il-museo-e-la-sua-storia\/","name":"Le Mus\u00e9e et son histoire - Museo Regionale di Scienze Naturali Efisio Noussan","isPartOf":{"@id":"https:\/\/museoscienze.vda.it\/#website"},"primaryImageOfPage":{"@id":"https:\/\/museoscienze.vda.it\/fr\/il-museo-e-la-sua-storia\/#primaryimage"},"image":{"@id":"https:\/\/museoscienze.vda.it\/fr\/il-museo-e-la-sua-storia\/#primaryimage"},"thumbnailUrl":"https:\/\/museoscienze.vda.it\/wp-content\/uploads\/2023\/04\/1905_SFV_E.BERARD.jpg","datePublished":"2022-10-10T11:01:21+00:00","dateModified":"2024-02-15T13:09:42+00:00","breadcrumb":{"@id":"https:\/\/museoscienze.vda.it\/fr\/il-museo-e-la-sua-storia\/#breadcrumb"},"inLanguage":"fr-FR","potentialAction":[{"@type":"ReadAction","target":["https:\/\/museoscienze.vda.it\/fr\/il-museo-e-la-sua-storia\/"]}]},{"@type":"ImageObject","inLanguage":"fr-FR","@id":"https:\/\/museoscienze.vda.it\/fr\/il-museo-e-la-sua-storia\/#primaryimage","url":"https:\/\/museoscienze.vda.it\/wp-content\/uploads\/2023\/04\/1905_SFV_E.BERARD.jpg","contentUrl":"https:\/\/museoscienze.vda.it\/wp-content\/uploads\/2023\/04\/1905_SFV_E.BERARD.jpg"},{"@type":"BreadcrumbList","@id":"https:\/\/museoscienze.vda.it\/fr\/il-museo-e-la-sua-storia\/#breadcrumb","itemListElement":[{"@type":"ListItem","position":1,"name":"Home","item":"https:\/\/museoscienze.vda.it\/fr\/"},{"@type":"ListItem","position":2,"name":"Le Mus\u00e9e et son histoire"}]},{"@type":"WebSite","@id":"https:\/\/museoscienze.vda.it\/#website","url":"https:\/\/museoscienze.vda.it\/","name":"Museo Regionale di Scienze Naturali Efisio Noussan","description":"","publisher":{"@id":"https:\/\/museoscienze.vda.it\/#organization"},"potentialAction":[{"@type":"SearchAction","target":{"@type":"EntryPoint","urlTemplate":"https:\/\/museoscienze.vda.it\/?s={search_term_string}"},"query-input":{"@type":"PropertyValueSpecification","valueRequired":true,"valueName":"search_term_string"}}],"inLanguage":"fr-FR"},{"@type":"Organization","@id":"https:\/\/museoscienze.vda.it\/#organization","name":"Museo Regionale di Scienze Naturali Efisio Noussan","url":"https:\/\/museoscienze.vda.it\/","logo":{"@type":"ImageObject","inLanguage":"fr-FR","@id":"https:\/\/museoscienze.vda.it\/#\/schema\/logo\/image\/","url":"https:\/\/museoscienze.vda.it\/wp-content\/uploads\/2023\/09\/logo_MuseoScienzeVDA_completo_rva.png","contentUrl":"https:\/\/museoscienze.vda.it\/wp-content\/uploads\/2023\/09\/logo_MuseoScienzeVDA_completo_rva.png","width":1692,"height":646,"caption":"Museo Regionale di Scienze Naturali Efisio Noussan"},"image":{"@id":"https:\/\/museoscienze.vda.it\/#\/schema\/logo\/image\/"}}]}},"_links":{"self":[{"href":"https:\/\/museoscienze.vda.it\/fr\/wp-json\/wp\/v2\/pages\/2061","targetHints":{"allow":["GET"]}}],"collection":[{"href":"https:\/\/museoscienze.vda.it\/fr\/wp-json\/wp\/v2\/pages"}],"about":[{"href":"https:\/\/museoscienze.vda.it\/fr\/wp-json\/wp\/v2\/types\/page"}],"author":[{"embeddable":true,"href":"https:\/\/museoscienze.vda.it\/fr\/wp-json\/wp\/v2\/users\/3"}],"replies":[{"embeddable":true,"href":"https:\/\/museoscienze.vda.it\/fr\/wp-json\/wp\/v2\/comments?post=2061"}],"version-history":[{"count":1,"href":"https:\/\/museoscienze.vda.it\/fr\/wp-json\/wp\/v2\/pages\/2061\/revisions"}],"predecessor-version":[{"id":5501,"href":"https:\/\/museoscienze.vda.it\/fr\/wp-json\/wp\/v2\/pages\/2061\/revisions\/5501"}],"wp:attachment":[{"href":"https:\/\/museoscienze.vda.it\/fr\/wp-json\/wp\/v2\/media?parent=2061"}],"curies":[{"name":"wp","href":"https:\/\/api.w.org\/{rel}","templated":true}]}}