{"id":2051,"date":"2022-11-21T15:15:44","date_gmt":"2022-11-21T14:15:44","guid":{"rendered":"https:\/\/museoscienze.vda.it\/homepage_2\/"},"modified":"2024-04-05T10:49:48","modified_gmt":"2024-04-05T08:49:48","slug":"homepage_2","status":"publish","type":"page","link":"https:\/\/museoscienze.vda.it\/fr\/homepage_2\/","title":{"rendered":"Mus\u00e9e r\u00e9gional des sciences naturelles Efisio Noussan"},"content":{"rendered":"\n\n\n\n\n<div style=\"height:40px\" aria-hidden=\"true\" class=\"wp-block-spacer\"><\/div>\n\n\n<div id=\"items-loader-grid-block-block_203f3231c7f7547fbe4632b3606456ab\" class=\"ett-block items-loader-grid-block\"><div\r\ndata-current-post=\"2051\"\r\ndata-pagernav=\"false\"\r\ndata-item-template=\"grid-item-l-layout_b\"\r\ndata-tpl-type=\"layout_b\"\r\ndata-cat=\"28\"\r\ndata-max=\"3\"\r\ndata-columns=\"3\"\r\ndata-posts=\"\"\r\ndata-type=\"\"\r\ndata-mason=\"false\"\r\nclass=\"grid no-js post-list-wrapper columns-max-3 \"><div class=\"image\"><a class=\"link image-placeholder stretched-link\"><\/a><\/div><div class=\"content image-leaf\"><div class=\"title e-block-title\"><a class=\"article-link\"><\/a><\/div><div class=\"dom-sub\"><\/div><\/div><\/div><div class=\"mt-2 d-flex align-items-center justify-content-center loading-spinner\"><div class=\"spinner-border text-primary\" role=\"status\">\r\n    <span class=\" visually-hidden\">Loading&#8230;<\/span>\r\n<\/div><\/div><\/div>\n\n\n<div class=\"wp-block-group has-global-padding is-layout-constrained wp-block-group-is-layout-constrained\" style=\"margin-bottom:var(--wp--preset--spacing--50)\">\n<h2 class=\"wp-block-heading has-text-align-center\">Rester \u00e0 jour<\/h2>\n\n\n\n<div class=\"wp-block-buttons align--center orientation-- wrap-- is-content-justification-center is-layout-flex wp-container-core-buttons-is-layout-1 wp-block-buttons-is-layout-flex\" style=\"margin-bottom:var(--wp--preset--spacing--60)\">\n<div class=\"wp-block-button is-style-btn-primary\"><a class=\"wp-block-button__link wp-element-button\" href=\"https:\/\/museoscienze.vda.it\/fr\/nouvelles\/\">Lisez les nouvelles<\/a><\/div>\n<\/div>\n<\/div>\n\n\n<div style=\"\" id=\"single-featured-element-block_94ec2cc9980894c054ed94702161f649\"  class=\"ett-block single-featured-element\"><div class=\"content\"><div class=\"block-title display-4 \">HORAIRE ESTIVAL &#8211; de 10h \u00e0 19h<\/div><div class=\"occhiello mb-15\">L&rsquo;achat des billets en ligne est recommand\u00e9<\/div><div class=\"body mt-1 mt-lg-2\"><p><strong>ACHETEZ VOTRE BILLET <\/strong><a href=\"https:\/\/ticket.midaticket.it\/museoscienzevda\/Events\" target=\"_blank\" rel=\"noopener\"><strong>EN LIGNE<\/strong><\/a><\/p>\n<p>R\u00e9servation par t\u00e9l\u00e9phone exclusivement pour les <strong>groupes de 15 personnes<\/strong> au \u260e 0165 95931 (du mardi au dimanche, de 9h45 \u00e0 17h30)<\/p>\n<h2 style=\"text-align: center;\"><\/h2>\n<hr \/>\n<h2 style=\"text-align: center;\"><\/h2>\n<\/div><\/div><\/div>\n\n\n<div style=\"height:40px\" aria-hidden=\"true\" class=\"wp-block-spacer\"><\/div>\n\n\n\n<div class=\"wp-block-group alignfull is-style-ettblock-group has-grigio-1-background-color has-background has-global-padding is-layout-constrained wp-container-core-group-is-layout-2 wp-block-group-is-layout-constrained\" style=\"padding-top:var(--wp--preset--spacing--80);padding-right:var(--wp--preset--spacing--30);padding-bottom:var(--wp--preset--spacing--80);padding-left:var(--wp--preset--spacing--30)\">\n<div class=\"wp-block-columns alignwide is-style-ettblock-columns-contained is-layout-flex wp-container-core-columns-is-layout-1 wp-block-columns-is-layout-flex\">\n<div class=\"wp-block-column is-style-ettblock-col-6 is-layout-flow wp-block-column-is-layout-flow\" style=\"padding-right:var(--wp--preset--spacing--50)\">\n<h2 class=\"wp-block-heading has-h-2-font-size\">Le nature de ch\u00e2teau Saint-Pierre<\/h2>\n\n\n\n<figure class=\"wp-block-video\"><video controls muted src=\"https:\/\/museoscienze.vda.it\/wp-content\/uploads\/MSN_Spot TV Entrophy for Life_V1_30sec_1.mp4\"><\/video><\/figure>\n\n\n\n<p class=\"has-text-align-left\">Le ch\u00e2teau de Saint-Pierre, perch\u00e9 sur un \u00e9peron rocheux, abrite les salles d\u2019exposition du Mus\u00e9e r\u00e9gional de sciences naturelles Efisio Noussan et vous offre l\u2019opportunit\u00e9 de d\u00e9couvrir \u00e0 la fois l\u2019histoire de l\u2019\u00e9difice et les \u00e9cosyst\u00e8mes de la Vall\u00e9e d\u2019Aoste.<\/p>\n\n\n\n<p class=\"has-text-align-left\">Le Mus\u00e9e est essentiellement vou\u00e9 \u00e0 la conservation et \u00e0 l\u2019enrichissement des collections, \u00e0 la recherche et \u00e0 la divulgation scientifique, mais il est \u00e9galement au service du territoire et de la collectivit\u00e9.<\/p>\n<\/div>\n\n\n\n<div class=\"wp-block-column is-style-ettblock-col-6 is-layout-flow wp-block-column-is-layout-flow\"><div style=\"\" id=\"single-featured-element-block_0465620b13439cd7a506f2653babbd9a\"  class=\"ett-block single-featured-element\"><div class=\"content\"><div class=\"block-title display-4 \">Le Mus\u00e9e<\/div><div class=\"body mt-1 mt-lg-2\"><p style=\"text-align: left;\">Le Mus\u00e9e r\u00e9gional de sciences naturelles comprend deux sites: des salles d\u2019exposition au ch\u00e2teau de Saint-Pierre et un site op\u00e9rationnel situ\u00e9 dans la commune de La Salle. Deux lieux pour un unique Mus\u00e9e, afin de vous faire d\u00e9couvrir l\u2019univers fascinant des sciences naturelles, le patrimoine naturel de la Vall\u00e9e d\u2019Aoste, mais \u00e9galement sa culture, son histoire et ses traditions. Les salles d\u2019exposition et le site op\u00e9rationnel du Mus\u00e9e r\u00e9gional de sciences naturelles valorisent ses objectifs tout en confirmant son r\u00f4le central : le Mus\u00e9e est \u00e0 la fois lieu de recherche, de conservation des collections, d\u2019exposition et de divulgation scientifique, mais aussi de rencontre, d\u2019exp\u00e9rimentation et de partage des connaissances.<\/p>\n<\/div><div class=\"link text-center\"><a  class=\"btn btn-link\" href=\"https:\/\/museoscienze.vda.it\/fr\/visiter\/\">Visitez le Mus\u00e9e<svg aria-label=\"freccia\"  title=\"freccia\" xmlns=\"http:\/\/www.w3.org\/2000\/svg\" width=\"16\" height=\"16\" fill=\"currentColor\" class=\"bi bi-arrow-right-short\" viewBox=\"0 0 16 16\">\r\n  <path fill-rule=\"evenodd\" d=\"M4 8a.5.5 0 0 1 .5-.5h5.793L8.146 5.354a.5.5 0 1 1 .708-.708l3 3a.5.5 0 0 1 0 .708l-3 3a.5.5 0 0 1-.708-.708L10.293 8.5H4.5A.5.5 0 0 1 4 8z\"\/>\r\n<\/svg><\/a><\/div><\/div><\/div>\n\n<div style=\"color: #ffffff;background-color: #6c891b;\" id=\"single-featured-element-block_2484a0d0c2bf9d9e159f6144e5df1fb5\"  data-hasbg=\"true\"  class=\"ett-block single-featured-element\"><div class=\"content\"><div class=\"block-title display-4 \">Le plan du Mus\u00e9e<\/div><div class=\"occhiello mb-15\">Les salles du nouveau Mus\u00e9e<\/div><div class=\"body mt-1 mt-lg-2\"><\/div><div class=\"link text-center\"><a target=\"_blank\" rel=\"noreferrer\" class=\"btn btn-link\" href=\"https:\/\/museoscienze.vda.it\/wp-content\/uploads\/2022\/11\/MappaMuseo-DEFINITIVA.pdf\">T\u00e9l\u00e9chargez le plan<svg aria-label=\"freccia\"  title=\"freccia\" xmlns=\"http:\/\/www.w3.org\/2000\/svg\" width=\"16\" height=\"16\" fill=\"currentColor\" class=\"bi bi-arrow-right-short\" viewBox=\"0 0 16 16\">\r\n  <path fill-rule=\"evenodd\" d=\"M4 8a.5.5 0 0 1 .5-.5h5.793L8.146 5.354a.5.5 0 1 1 .708-.708l3 3a.5.5 0 0 1 0 .708l-3 3a.5.5 0 0 1-.708-.708L10.293 8.5H4.5A.5.5 0 0 1 4 8z\"\/>\r\n<\/svg><\/a><\/div><\/div><\/div><\/div>\n<\/div>\n<\/div>\n\n\n\n<div style=\"height:40px\" aria-hidden=\"true\" class=\"wp-block-spacer\"><\/div>\n\n\n\n<div class=\"wp-block-group alignfull has-grigio-1-background-color has-background has-global-padding is-layout-constrained wp-container-core-group-is-layout-4 wp-block-group-is-layout-constrained\" style=\"padding-top:var(--wp--preset--spacing--30);padding-bottom:var(--wp--preset--spacing--30)\">\n<div class=\"wp-block-cover alignfull\"><span aria-hidden=\"true\" class=\"wp-block-cover__background has-background-dim-70 has-background-dim\"><\/span><img loading=\"lazy\" decoding=\"async\" width=\"2362\" height=\"1574\" class=\"wp-block-cover__image-background wp-image-4615\" alt=\"\" src=\"https:\/\/museoscienze.vda.it\/wp-content\/uploads\/2023\/10\/MuseoScienzeNaturali_03.jpg\" style=\"object-position:67% 49%\" data-object-fit=\"cover\" data-object-position=\"67% 49%\" srcset=\"https:\/\/museoscienze.vda.it\/wp-content\/uploads\/2023\/10\/MuseoScienzeNaturali_03.jpg 2362w, https:\/\/museoscienze.vda.it\/wp-content\/uploads\/2023\/10\/MuseoScienzeNaturali_03-960x640.jpg 960w, https:\/\/museoscienze.vda.it\/wp-content\/uploads\/2023\/10\/MuseoScienzeNaturali_03-1280x853.jpg 1280w, https:\/\/museoscienze.vda.it\/wp-content\/uploads\/2023\/10\/MuseoScienzeNaturali_03-840x560.jpg 840w, https:\/\/museoscienze.vda.it\/wp-content\/uploads\/2023\/10\/MuseoScienzeNaturali_03-1536x1024.jpg 1536w, https:\/\/museoscienze.vda.it\/wp-content\/uploads\/2023\/10\/MuseoScienzeNaturali_03-2048x1365.jpg 2048w\" sizes=\"auto, (max-width: 2362px) 100vw, 2362px\" \/><div class=\"wp-block-cover__inner-container has-global-padding is-layout-constrained wp-container-core-cover-is-layout-1 wp-block-cover-is-layout-constrained\">\n<div class=\"wp-block-group has-global-padding is-layout-constrained wp-container-core-group-is-layout-3 wp-block-group-is-layout-constrained\">\n<h2 class=\"wp-block-heading\" style=\"font-size:1.5rem\"><em>Les Mus\u00e9es sont des institutions permanentes sans but lucratif au service de la soci\u00e9t\u00e9, qui r\u00e9alisent des recherches, collectionnent, conservent, analysent et exposent le patrimoine mat\u00e9riel et immat\u00e9riel. Ouverts au public, accessibles et inclusifs, ils soutiennent la diversit\u00e9 et la durabilit\u00e9. <\/em><br><em>Ils \u0153uvrent et communiquent de fa\u00e7on \u00e9thique et professionnelle. En outre, avec la participation de la communaut\u00e9, ils proposent des exp\u00e9riences vari\u00e9es \u00e0 des fins d&rsquo;\u00e9tude, d&rsquo;\u00e9ducation, de plaisir et de partage des connaissances.<\/em><\/h2>\n\n\n\n<h2 class=\"wp-block-heading\" style=\"font-size:1.5rem\"><\/h2>\n\n\n\n<div style=\"height:18px\" aria-hidden=\"true\" class=\"wp-block-spacer\"><\/div>\n\n\n\n<p><strong><em>ICOM, Praga 2022<\/em><\/strong><\/p>\n<\/div>\n<\/div><\/div>\n<\/div>\n","protected":false},"excerpt":{"rendered":"<p>Rester \u00e0 jour Le nature de ch\u00e2teau Saint-Pierre Le ch\u00e2teau de Saint-Pierre, perch\u00e9 sur un \u00e9peron rocheux, abrite les salles d\u2019exposition du Mus\u00e9e r\u00e9gional de sciences naturelles Efisio Noussan et vous offre l\u2019opportunit\u00e9 de d\u00e9couvrir \u00e0 la fois l\u2019histoire de l\u2019\u00e9difice et les \u00e9cosyst\u00e8mes de la Vall\u00e9e d\u2019Aoste. Le Mus\u00e9e est essentiellement vou\u00e9 \u00e0 la &hellip; <a href=\"https:\/\/museoscienze.vda.it\/fr\/homepage_2\/\">Leggi di pi\u00f9<\/a><\/p>\n","protected":false},"author":3,"featured_media":0,"parent":0,"menu_order":0,"comment_status":"closed","ping_status":"closed","template":"","meta":{"_acf_changed":false,"footnotes":""},"class_list":["post-2051","page","type-page","status-publish","hentry"],"acf":[],"yoast_head":"<!-- This site is optimized with the Yoast SEO plugin v26.8 - https:\/\/yoast.com\/product\/yoast-seo-wordpress\/ -->\n<title>Mus\u00e9e r\u00e9gional des sciences naturelles Efisio Noussan - Museo Regionale di Scienze Naturali Efisio Noussan<\/title>\n<meta name=\"robots\" content=\"index, follow, max-snippet:-1, max-image-preview:large, max-video-preview:-1\" \/>\n<link rel=\"canonical\" href=\"https:\/\/museoscienze.vda.it\/homepage_2\/\" \/>\n<meta property=\"og:locale\" content=\"fr_FR\" \/>\n<meta property=\"og:type\" content=\"article\" \/>\n<meta property=\"og:title\" content=\"Mus\u00e9e r\u00e9gional des sciences naturelles Efisio Noussan - Museo Regionale di Scienze Naturali Efisio Noussan\" \/>\n<meta property=\"og:description\" content=\"Rester \u00e0 jour Le nature de ch\u00e2teau Saint-Pierre Le ch\u00e2teau de Saint-Pierre, perch\u00e9 sur un \u00e9peron rocheux, abrite les salles d\u2019exposition du Mus\u00e9e r\u00e9gional de sciences naturelles Efisio Noussan et vous offre l\u2019opportunit\u00e9 de d\u00e9couvrir \u00e0 la fois l\u2019histoire de l\u2019\u00e9difice et les \u00e9cosyst\u00e8mes de la Vall\u00e9e d\u2019Aoste. Le Mus\u00e9e est essentiellement vou\u00e9 \u00e0 la &hellip; Leggi di pi\u00f9\" \/>\n<meta property=\"og:url\" content=\"https:\/\/museoscienze.vda.it\/homepage_2\/\" \/>\n<meta property=\"og:site_name\" content=\"Museo Regionale di Scienze Naturali Efisio Noussan\" \/>\n<meta property=\"article:modified_time\" content=\"2024-04-05T08:49:48+00:00\" \/>\n<meta property=\"og:image\" content=\"https:\/\/museoscienze.vda.it\/wp-content\/uploads\/2023\/10\/MuseoScienzeNaturali_03.jpg\" \/>\n<meta name=\"twitter:card\" content=\"summary_large_image\" \/>\n<meta name=\"twitter:label1\" content=\"Dur\u00e9e de lecture estim\u00e9e\" \/>\n\t<meta name=\"twitter:data1\" content=\"1 minute\" \/>\n<script type=\"application\/ld+json\" class=\"yoast-schema-graph\">{\"@context\":\"https:\/\/schema.org\",\"@graph\":[{\"@type\":\"WebPage\",\"@id\":\"https:\/\/museoscienze.vda.it\/homepage_2\/\",\"url\":\"https:\/\/museoscienze.vda.it\/homepage_2\/\",\"name\":\"Mus\u00e9e r\u00e9gional des sciences naturelles Efisio Noussan - Museo Regionale di Scienze Naturali Efisio Noussan\",\"isPartOf\":{\"@id\":\"https:\/\/museoscienze.vda.it\/#website\"},\"primaryImageOfPage\":{\"@id\":\"https:\/\/museoscienze.vda.it\/homepage_2\/#primaryimage\"},\"image\":{\"@id\":\"https:\/\/museoscienze.vda.it\/homepage_2\/#primaryimage\"},\"thumbnailUrl\":\"https:\/\/museoscienze.vda.it\/wp-content\/uploads\/2023\/10\/MuseoScienzeNaturali_03.jpg\",\"datePublished\":\"2022-11-21T14:15:44+00:00\",\"dateModified\":\"2024-04-05T08:49:48+00:00\",\"breadcrumb\":{\"@id\":\"https:\/\/museoscienze.vda.it\/homepage_2\/#breadcrumb\"},\"inLanguage\":\"fr-FR\",\"potentialAction\":[{\"@type\":\"ReadAction\",\"target\":[\"https:\/\/museoscienze.vda.it\/homepage_2\/\"]}]},{\"@type\":\"ImageObject\",\"inLanguage\":\"fr-FR\",\"@id\":\"https:\/\/museoscienze.vda.it\/homepage_2\/#primaryimage\",\"url\":\"https:\/\/museoscienze.vda.it\/wp-content\/uploads\/2023\/10\/MuseoScienzeNaturali_03.jpg\",\"contentUrl\":\"https:\/\/museoscienze.vda.it\/wp-content\/uploads\/2023\/10\/MuseoScienzeNaturali_03.jpg\"},{\"@type\":\"BreadcrumbList\",\"@id\":\"https:\/\/museoscienze.vda.it\/homepage_2\/#breadcrumb\",\"itemListElement\":[{\"@type\":\"ListItem\",\"position\":1,\"name\":\"Home\",\"item\":\"https:\/\/museoscienze.vda.it\/fr\/\"},{\"@type\":\"ListItem\",\"position\":2,\"name\":\"Mus\u00e9e r\u00e9gional des sciences naturelles Efisio Noussan\"}]},{\"@type\":\"WebSite\",\"@id\":\"https:\/\/museoscienze.vda.it\/#website\",\"url\":\"https:\/\/museoscienze.vda.it\/\",\"name\":\"Museo Regionale di Scienze Naturali Efisio Noussan\",\"description\":\"\",\"publisher\":{\"@id\":\"https:\/\/museoscienze.vda.it\/#organization\"},\"potentialAction\":[{\"@type\":\"SearchAction\",\"target\":{\"@type\":\"EntryPoint\",\"urlTemplate\":\"https:\/\/museoscienze.vda.it\/?s={search_term_string}\"},\"query-input\":{\"@type\":\"PropertyValueSpecification\",\"valueRequired\":true,\"valueName\":\"search_term_string\"}}],\"inLanguage\":\"fr-FR\"},{\"@type\":\"Organization\",\"@id\":\"https:\/\/museoscienze.vda.it\/#organization\",\"name\":\"Museo Regionale di Scienze Naturali Efisio Noussan\",\"url\":\"https:\/\/museoscienze.vda.it\/\",\"logo\":{\"@type\":\"ImageObject\",\"inLanguage\":\"fr-FR\",\"@id\":\"https:\/\/museoscienze.vda.it\/#\/schema\/logo\/image\/\",\"url\":\"https:\/\/museoscienze.vda.it\/wp-content\/uploads\/2023\/09\/logo_MuseoScienzeVDA_completo_rva.png\",\"contentUrl\":\"https:\/\/museoscienze.vda.it\/wp-content\/uploads\/2023\/09\/logo_MuseoScienzeVDA_completo_rva.png\",\"width\":1692,\"height\":646,\"caption\":\"Museo Regionale di Scienze Naturali Efisio Noussan\"},\"image\":{\"@id\":\"https:\/\/museoscienze.vda.it\/#\/schema\/logo\/image\/\"}}]}<\/script>\n<!-- \/ Yoast SEO plugin. -->","yoast_head_json":{"title":"Mus\u00e9e r\u00e9gional des sciences naturelles Efisio Noussan - Museo Regionale di Scienze Naturali Efisio Noussan","robots":{"index":"index","follow":"follow","max-snippet":"max-snippet:-1","max-image-preview":"max-image-preview:large","max-video-preview":"max-video-preview:-1"},"canonical":"https:\/\/museoscienze.vda.it\/homepage_2\/","og_locale":"fr_FR","og_type":"article","og_title":"Mus\u00e9e r\u00e9gional des sciences naturelles Efisio Noussan - Museo Regionale di Scienze Naturali Efisio Noussan","og_description":"Rester \u00e0 jour Le nature de ch\u00e2teau Saint-Pierre Le ch\u00e2teau de Saint-Pierre, perch\u00e9 sur un \u00e9peron rocheux, abrite les salles d\u2019exposition du Mus\u00e9e r\u00e9gional de sciences naturelles Efisio Noussan et vous offre l\u2019opportunit\u00e9 de d\u00e9couvrir \u00e0 la fois l\u2019histoire de l\u2019\u00e9difice et les \u00e9cosyst\u00e8mes de la Vall\u00e9e d\u2019Aoste. Le Mus\u00e9e est essentiellement vou\u00e9 \u00e0 la &hellip; Leggi di pi\u00f9","og_url":"https:\/\/museoscienze.vda.it\/homepage_2\/","og_site_name":"Museo Regionale di Scienze Naturali Efisio Noussan","article_modified_time":"2024-04-05T08:49:48+00:00","og_image":[{"url":"https:\/\/museoscienze.vda.it\/wp-content\/uploads\/2023\/10\/MuseoScienzeNaturali_03.jpg","type":"","width":"","height":""}],"twitter_card":"summary_large_image","twitter_misc":{"Dur\u00e9e de lecture estim\u00e9e":"1 minute"},"schema":{"@context":"https:\/\/schema.org","@graph":[{"@type":"WebPage","@id":"https:\/\/museoscienze.vda.it\/homepage_2\/","url":"https:\/\/museoscienze.vda.it\/homepage_2\/","name":"Mus\u00e9e r\u00e9gional des sciences naturelles Efisio Noussan - Museo Regionale di Scienze Naturali Efisio Noussan","isPartOf":{"@id":"https:\/\/museoscienze.vda.it\/#website"},"primaryImageOfPage":{"@id":"https:\/\/museoscienze.vda.it\/homepage_2\/#primaryimage"},"image":{"@id":"https:\/\/museoscienze.vda.it\/homepage_2\/#primaryimage"},"thumbnailUrl":"https:\/\/museoscienze.vda.it\/wp-content\/uploads\/2023\/10\/MuseoScienzeNaturali_03.jpg","datePublished":"2022-11-21T14:15:44+00:00","dateModified":"2024-04-05T08:49:48+00:00","breadcrumb":{"@id":"https:\/\/museoscienze.vda.it\/homepage_2\/#breadcrumb"},"inLanguage":"fr-FR","potentialAction":[{"@type":"ReadAction","target":["https:\/\/museoscienze.vda.it\/homepage_2\/"]}]},{"@type":"ImageObject","inLanguage":"fr-FR","@id":"https:\/\/museoscienze.vda.it\/homepage_2\/#primaryimage","url":"https:\/\/museoscienze.vda.it\/wp-content\/uploads\/2023\/10\/MuseoScienzeNaturali_03.jpg","contentUrl":"https:\/\/museoscienze.vda.it\/wp-content\/uploads\/2023\/10\/MuseoScienzeNaturali_03.jpg"},{"@type":"BreadcrumbList","@id":"https:\/\/museoscienze.vda.it\/homepage_2\/#breadcrumb","itemListElement":[{"@type":"ListItem","position":1,"name":"Home","item":"https:\/\/museoscienze.vda.it\/fr\/"},{"@type":"ListItem","position":2,"name":"Mus\u00e9e r\u00e9gional des sciences naturelles Efisio Noussan"}]},{"@type":"WebSite","@id":"https:\/\/museoscienze.vda.it\/#website","url":"https:\/\/museoscienze.vda.it\/","name":"Museo Regionale di Scienze Naturali Efisio Noussan","description":"","publisher":{"@id":"https:\/\/museoscienze.vda.it\/#organization"},"potentialAction":[{"@type":"SearchAction","target":{"@type":"EntryPoint","urlTemplate":"https:\/\/museoscienze.vda.it\/?s={search_term_string}"},"query-input":{"@type":"PropertyValueSpecification","valueRequired":true,"valueName":"search_term_string"}}],"inLanguage":"fr-FR"},{"@type":"Organization","@id":"https:\/\/museoscienze.vda.it\/#organization","name":"Museo Regionale di Scienze Naturali Efisio Noussan","url":"https:\/\/museoscienze.vda.it\/","logo":{"@type":"ImageObject","inLanguage":"fr-FR","@id":"https:\/\/museoscienze.vda.it\/#\/schema\/logo\/image\/","url":"https:\/\/museoscienze.vda.it\/wp-content\/uploads\/2023\/09\/logo_MuseoScienzeVDA_completo_rva.png","contentUrl":"https:\/\/museoscienze.vda.it\/wp-content\/uploads\/2023\/09\/logo_MuseoScienzeVDA_completo_rva.png","width":1692,"height":646,"caption":"Museo Regionale di Scienze Naturali Efisio Noussan"},"image":{"@id":"https:\/\/museoscienze.vda.it\/#\/schema\/logo\/image\/"}}]}},"_links":{"self":[{"href":"https:\/\/museoscienze.vda.it\/fr\/wp-json\/wp\/v2\/pages\/2051","targetHints":{"allow":["GET"]}}],"collection":[{"href":"https:\/\/museoscienze.vda.it\/fr\/wp-json\/wp\/v2\/pages"}],"about":[{"href":"https:\/\/museoscienze.vda.it\/fr\/wp-json\/wp\/v2\/types\/page"}],"author":[{"embeddable":true,"href":"https:\/\/museoscienze.vda.it\/fr\/wp-json\/wp\/v2\/users\/3"}],"replies":[{"embeddable":true,"href":"https:\/\/museoscienze.vda.it\/fr\/wp-json\/wp\/v2\/comments?post=2051"}],"version-history":[{"count":1,"href":"https:\/\/museoscienze.vda.it\/fr\/wp-json\/wp\/v2\/pages\/2051\/revisions"}],"predecessor-version":[{"id":77097,"href":"https:\/\/museoscienze.vda.it\/fr\/wp-json\/wp\/v2\/pages\/2051\/revisions\/77097"}],"wp:attachment":[{"href":"https:\/\/museoscienze.vda.it\/fr\/wp-json\/wp\/v2\/media?parent=2051"}],"curies":[{"name":"wp","href":"https:\/\/api.w.org\/{rel}","templated":true}]}}